{"id":15455,"date":"2017-02-23T15:05:03","date_gmt":"2017-02-23T15:05:03","guid":{"rendered":"http:\/\/liceofrancestenerife.es\/nuevaweb\/stade-resumes-maternalle\/msgs-b\/"},"modified":"2017-02-23T15:05:03","modified_gmt":"2017-02-23T15:05:03","slug":"msgs-b","status":"publish","type":"page","link":"https:\/\/liceofrancestenerife.es\/fr\/stade-resumes-maternalle\/msgs-b\/","title":{"rendered":"MS\/GS B"},"content":{"rendered":"<div class=\"fusion-fullwidth fullwidth-box fusion-builder-row-1 nonhundred-percent-fullwidth non-hundred-percent-height-scrolling\" style=\"background-color: rgba(255,255,255,0);background-position: center center;background-repeat: no-repeat;padding-top:20px;padding-right:0px;padding-bottom:20px;padding-left:0px;margin-bottom: 0px;margin-top: 0px;border-width: 0px 0px 0px 0px;border-color:#eae9e9;border-style:solid;\" ><div class=\"fusion-builder-row fusion-row\"><div class=\"fusion-layout-column fusion_builder_column fusion-builder-column-0 fusion_builder_column_1_1 1_1 fusion-one-full fusion-column-first fusion-column-last\" style=\"margin-top:0px;margin-bottom:20px;\"><div class=\"fusion-column-wrapper fusion-flex-column-wrapper-legacy\" style=\"background-position:left top;background-repeat:no-repeat;-webkit-background-size:cover;-moz-background-size:cover;-o-background-size:cover;background-size:cover;padding: 0px 0px 0px 0px;\"><div class=\"fusion-blog-shortcode fusion-blog-shortcode-1 fusion-blog-archive fusion-blog-layout-timeline-wrapper fusion-blog-pagination\"><div class=\"fusion-posts-container fusion-posts-container-pagination fusion-blog-rollover\" data-pages=\"2\"><div class=\"fusion-timeline-icon\"><i class=\"fusion-icon-bubbles\" style=\"color:#ebeaea;\" aria-hidden=\"true\"><\/i><\/div><div class=\"fusion-blog-layout-timeline fusion-clearfix\"><div class=\"fusion-timeline-line\" style=\"border-left:1px solid #ebeaea;border-right:1px solid #ebeaea;\"><\/div><h3 class=\"fusion-timeline-date\" style=\"background-color:#ebeaea;\">mars 2018<\/h3><div class=\"fusion-collapse-month\"><article id=\"blog-1-post-21831\" style=\"border-color:#ebeaea;\" class=\"fusion-post-timeline fusion-clearfix fusion-left-column post-21831 post type-post status-publish format-standard has-post-thumbnail hentry category-cm1a-fr category-msgb-b\">\n<div class=\"fusion-post-wrapper\" style=\"background-color:rgba(255,255,255,0);\">\n\n\t\t\t<div class=\"fusion-flexslider flexslider fusion-flexslider-loading fusion-post-slideshow\" style=\"border-color:#ebeaea;\">\n\t\t<ul class=\"slides\">\n\t\t\t\n\t\t\t\t\t\t\t\t\t\t\t\t\t\t<li>\n\n<div  class=\"fusion-image-wrapper\" aria-haspopup=\"true\">\n\t\n\t\n\t\n\t\t\n\t\t\t\t\t<img decoding=\"async\" width=\"4128\" height=\"3096\" src=\"https:\/\/liceofrancestenerife.es\/nuevaweb\/wp-content\/uploads\/2018\/03\/20180306_150719.jpg\" class=\"attachment-full size-full lazyload wp-post-image\" alt=\"\" srcset=\"data:image\/svg+xml,%3Csvg%20xmlns%3D%27http%3A%2F%2Fwww.w3.org%2F2000%2Fsvg%27%20width%3D%274128%27%20height%3D%273096%27%20viewBox%3D%270%200%204128%203096%27%3E%3Crect%20width%3D%274128%27%20height%3D%273096%27%20fill-opacity%3D%220%22%2F%3E%3C%2Fsvg%3E\" data-orig-src=\"https:\/\/liceofrancestenerife.es\/nuevaweb\/wp-content\/uploads\/2018\/03\/20180306_150719.jpg\" data-srcset=\"https:\/\/liceofrancestenerife.es\/nuevaweb\/wp-content\/uploads\/2018\/03\/20180306_150719-200x150.jpg 200w, https:\/\/liceofrancestenerife.es\/nuevaweb\/wp-content\/uploads\/2018\/03\/20180306_150719-400x300.jpg 400w, https:\/\/liceofrancestenerife.es\/nuevaweb\/wp-content\/uploads\/2018\/03\/20180306_150719-600x450.jpg 600w, https:\/\/liceofrancestenerife.es\/nuevaweb\/wp-content\/uploads\/2018\/03\/20180306_150719-800x600.jpg 800w, https:\/\/liceofrancestenerife.es\/nuevaweb\/wp-content\/uploads\/2018\/03\/20180306_150719-1200x900.jpg 1200w, https:\/\/liceofrancestenerife.es\/nuevaweb\/wp-content\/uploads\/2018\/03\/20180306_150719.jpg 4128w\" data-sizes=\"auto\" \/>\n\t\n\n\t\t<div class=\"fusion-rollover\">\n\t<div class=\"fusion-rollover-content\">\n\n\t\t\t\t\t\t\t\t\t\t\t\t\t\t<a class=\"fusion-rollover-link\" href=\"https:\/\/liceofrancestenerife.es\/fr\/les-cm1a-font-les-conteurs\/\">Les  CM1A font les conteurs<\/a>\n\t\t\t\n\t\t\t\t\t\t\t\t\t\t\t\t\t\t\n\t\t\t\t\t\t\t\t\n\t\t\t\t\t\t\t\t\t\t\t\t\t<div class=\"fusion-rollover-sep\"><\/div>\n\t\t\t\t\n\t\t\t\t\t\t\t\t\t\t\t\t\t\t\t\t\t\t<a class=\"fusion-rollover-gallery\" href=\"https:\/\/liceofrancestenerife.es\/nuevaweb\/wp-content\/uploads\/2018\/03\/20180306_150719.jpg\" data-id=\"21831\" data-rel=\"iLightbox[gallery]\" data-title=\"20180306_150719\" data-caption=\"\">\n\t\t\t\t\t\tGallery\t\t\t\t\t<\/a>\n\t\t\t\t\t\t\t\t\t\t\t\t\t\t\n\t\t\n\t\t\t\t\t\t\t\t\t\t\t\t<h4 class=\"fusion-rollover-title\">\n\t\t\t\t\t<a class=\"fusion-rollover-title-link\" href=\"https:\/\/liceofrancestenerife.es\/fr\/les-cm1a-font-les-conteurs\/\">\n\t\t\t\t\t\tLes  CM1A font les conteurs\t\t\t\t\t<\/a>\n\t\t\t\t<\/h4>\n\t\t\t\n\t\t\t\t\t\t\t\t\t\t<div class=\"fusion-rollover-categories\"><a href=\"https:\/\/liceofrancestenerife.es\/fr\/category\/elementaire\/cm1a-fr\/\" rel=\"tag\">CM1A<\/a>, <a href=\"https:\/\/liceofrancestenerife.es\/fr\/category\/maternelle\/msgb-b\/\" rel=\"tag\">MS\/GS B<\/a><\/div>\t\t\t\t\t\n\t\t\n\t\t\t\t\t\t<a class=\"fusion-link-wrapper\" href=\"https:\/\/liceofrancestenerife.es\/fr\/les-cm1a-font-les-conteurs\/\" aria-label=\"Les  CM1A font les conteurs\"><\/a>\n\t<\/div>\n<\/div>\n\n\t\n<\/div>\n<\/li>\n\t\t\t\n\t\t\t\n\t\t\t\t\t\t\t\t\t\t\t\t\t\t\t\t\t\t\t\t\t\t\t\t\t\t\t\t\t\t\t\t\t\t\t\t\t\t\t\t\t\t\t\t\t\t\t\t\t\t\t\t\t\t\t\t\t\t\t\t\t\t\t\t\t\t\t\t<\/ul>\n\t<\/div>\n\t<div class=\"fusion-post-content-wrapper\" style=\"padding:30px 25px 20px 25px;\"><div class=\"fusion-post-content post-content\"><div class=\"fusion-timeline-circle\" style=\"background-color:#ebeaea;\"><\/div><div class=\"fusion-timeline-arrow\" style=\"color:#ebeaea;\"><\/div><h2 class=\"blog-shortcode-post-title entry-title\"><a href=\"https:\/\/liceofrancestenerife.es\/fr\/les-cm1a-font-les-conteurs\/\">Les  CM1A font les conteurs<\/a><\/h2><p class=\"fusion-single-line-meta\">By <span class=\"vcard\"><span class=\"fn\"><a href=\"https:\/\/liceofrancestenerife.es\/fr\/author\/charles-lambert\/\" title=\"Articles par charles-lambert\" rel=\"author\">charles-lambert<\/a><\/span><\/span><span class=\"fusion-inline-sep\">|<\/span><span class=\"updated\" style=\"display:none;\">2018-03-22T11:17:33+00:00<\/span><span>Mar 24, 2018<\/span><span class=\"fusion-inline-sep\">|<\/span>Categories: <a href=\"https:\/\/liceofrancestenerife.es\/fr\/category\/elementaire\/cm1a-fr\/\" rel=\"category tag\">CM1A<\/a>, <a href=\"https:\/\/liceofrancestenerife.es\/fr\/category\/maternelle\/msgb-b\/\" rel=\"category tag\">MS\/GS B<\/a><span class=\"fusion-inline-sep\">|<\/span><\/p><div class=\"fusion-content-sep sep-double sep-solid\" style=\"border-color:#ebeaea;\"><\/div><div class=\"fusion-post-content-container\"><p> Chaque semaine, 2 \u00e9l\u00e8ves de CM1A vont lire une histoire aux enfants de MS\/GS B de Cristina qui attendent ce moment avec impatience tous les mardis. Ce jour-l\u00e0, Emma et Adolfo prennent leur r\u00f4le [...]<\/p><\/div><\/div><div class=\"fusion-meta-info\"><div class=\"fusion-alignleft\"><a class=\"fusion-read-more\" href=\"https:\/\/liceofrancestenerife.es\/fr\/les-cm1a-font-les-conteurs\/\" aria-label=\"More on Les  CM1A font les conteurs\">Read More<\/a><\/div><div class=\"fusion-alignright\"><span>Commentaires ferm\u00e9s<span class=\"screen-reader-text\"> sur Les  CM1A font les conteurs<\/span><\/span><\/div><\/div><\/div><div class=\"fusion-clearfix\"><\/div><\/div>\n<\/article>\n<\/div><h3 class=\"fusion-timeline-date\" style=\"background-color:#ebeaea;\">mai 2017<\/h3><div class=\"fusion-collapse-month\"><article id=\"blog-1-post-17177\" style=\"border-color:#ebeaea;\" class=\"fusion-post-timeline fusion-clearfix fusion-right-column post-17177 post type-post status-publish format-standard has-post-thumbnail hentry category-maternelle category-msgb-b category-prive category-stade-resumes-maternalle\">\n<div class=\"fusion-post-wrapper\" style=\"background-color:rgba(255,255,255,0);\">\n\n\t\t\t<div class=\"fusion-flexslider flexslider fusion-flexslider-loading fusion-post-slideshow\" style=\"border-color:#ebeaea;\">\n\t\t<ul class=\"slides\">\n\t\t\t\n\t\t\t\t\t\t\t\t\t\t\t\t\t\t<li>\n\n<div  class=\"fusion-image-wrapper\" aria-haspopup=\"true\">\n\t\n\t\n\t\n\t\t\n\t\t\t\t\t<img decoding=\"async\" width=\"1600\" height=\"1200\" src=\"https:\/\/liceofrancestenerife.es\/nuevaweb\/wp-content\/uploads\/2017\/05\/P1170525.jpg\" class=\"attachment-full size-full lazyload wp-post-image\" alt=\"\" srcset=\"data:image\/svg+xml,%3Csvg%20xmlns%3D%27http%3A%2F%2Fwww.w3.org%2F2000%2Fsvg%27%20width%3D%271600%27%20height%3D%271200%27%20viewBox%3D%270%200%201600%201200%27%3E%3Crect%20width%3D%271600%27%20height%3D%271200%27%20fill-opacity%3D%220%22%2F%3E%3C%2Fsvg%3E\" data-orig-src=\"https:\/\/liceofrancestenerife.es\/nuevaweb\/wp-content\/uploads\/2017\/05\/P1170525.jpg\" data-srcset=\"https:\/\/liceofrancestenerife.es\/nuevaweb\/wp-content\/uploads\/2017\/05\/P1170525-200x150.jpg 200w, https:\/\/liceofrancestenerife.es\/nuevaweb\/wp-content\/uploads\/2017\/05\/P1170525-400x300.jpg 400w, https:\/\/liceofrancestenerife.es\/nuevaweb\/wp-content\/uploads\/2017\/05\/P1170525-600x450.jpg 600w, https:\/\/liceofrancestenerife.es\/nuevaweb\/wp-content\/uploads\/2017\/05\/P1170525-800x600.jpg 800w, https:\/\/liceofrancestenerife.es\/nuevaweb\/wp-content\/uploads\/2017\/05\/P1170525-1200x900.jpg 1200w, https:\/\/liceofrancestenerife.es\/nuevaweb\/wp-content\/uploads\/2017\/05\/P1170525.jpg 1600w\" data-sizes=\"auto\" \/>\n\t\n\n\t\t<div class=\"fusion-rollover\">\n\t<div class=\"fusion-rollover-content\">\n\n\t\t\t\t\t\t\t\t\t\t\t\t\t\t<a class=\"fusion-rollover-link\" href=\"https:\/\/liceofrancestenerife.es\/fr\/mai-ms-gsb\/\">Mayo en MS-GSB<\/a>\n\t\t\t\n\t\t\t\t\t\t\t\t\t\t\t\t\t\t\n\t\t\t\t\t\t\t\t\n\t\t\t\t\t\t\t\t\t\t\t\t\t<div class=\"fusion-rollover-sep\"><\/div>\n\t\t\t\t\n\t\t\t\t\t\t\t\t\t\t\t\t\t\t\t\t\t\t<a class=\"fusion-rollover-gallery\" href=\"https:\/\/liceofrancestenerife.es\/nuevaweb\/wp-content\/uploads\/2017\/05\/P1170525.jpg\" data-id=\"17177\" data-rel=\"iLightbox[gallery]\" data-title=\"P1170525\" data-caption=\"\">\n\t\t\t\t\t\tGallery\t\t\t\t\t<\/a>\n\t\t\t\t\t\t\t\t\t\t\t\t\t\t\n\t\t\n\t\t\t\t\t\t\t\t\t\t\t\t<h4 class=\"fusion-rollover-title\">\n\t\t\t\t\t<a class=\"fusion-rollover-title-link\" href=\"https:\/\/liceofrancestenerife.es\/fr\/mai-ms-gsb\/\">\n\t\t\t\t\t\tMayo en MS-GSB\t\t\t\t\t<\/a>\n\t\t\t\t<\/h4>\n\t\t\t\n\t\t\t\t\t\t\t\t\t\t<div class=\"fusion-rollover-categories\"><a href=\"https:\/\/liceofrancestenerife.es\/fr\/category\/maternelle\/\" rel=\"tag\">Maternelle<\/a>, <a href=\"https:\/\/liceofrancestenerife.es\/fr\/category\/maternelle\/msgb-b\/\" rel=\"tag\">MS\/GS B<\/a>, <a href=\"https:\/\/liceofrancestenerife.es\/fr\/category\/prive\/\" rel=\"tag\">priv\u00e9<\/a>, <a href=\"https:\/\/liceofrancestenerife.es\/fr\/category\/stade-resumes-maternalle\/\" rel=\"tag\">Stade R\u00e9sum\u00e9s Maternalle<\/a><\/div>\t\t\t\t\t\n\t\t\n\t\t\t\t\t\t<a class=\"fusion-link-wrapper\" href=\"https:\/\/liceofrancestenerife.es\/fr\/mai-ms-gsb\/\" aria-label=\"Mayo en MS-GSB\"><\/a>\n\t<\/div>\n<\/div>\n\n\t\n<\/div>\n<\/li>\n\t\t\t\n\t\t\t\n\t\t\t\t\t\t\t\t\t\t\t\t\t\t\t\t\t\t\t\t\t\t\t\t\t\t\t\t\t\t\t\t\t\t\t\t\t\t\t\t\t\t\t\t\t\t\t\t\t\t\t\t\t\t\t\t\t\t\t\t\t\t\t\t\t\t\t\t<\/ul>\n\t<\/div>\n\t<div class=\"fusion-post-content-wrapper\" style=\"padding:30px 25px 20px 25px;\"><div class=\"fusion-post-content post-content\"><div class=\"fusion-timeline-circle\" style=\"background-color:#ebeaea;\"><\/div><div class=\"fusion-timeline-arrow\" style=\"color:#ebeaea;\"><\/div><h2 class=\"blog-shortcode-post-title entry-title\"><a href=\"https:\/\/liceofrancestenerife.es\/fr\/mai-ms-gsb\/\">Mayo en MS-GSB<\/a><\/h2><p class=\"fusion-single-line-meta\">By <span class=\"vcard\"><span class=\"fn\"><a href=\"https:\/\/liceofrancestenerife.es\/fr\/author\/cristinamatarazzo\/\" title=\"Articles par CristinaMatarazzo\" rel=\"author\">CristinaMatarazzo<\/a><\/span><\/span><span class=\"fusion-inline-sep\">|<\/span><span class=\"updated\" style=\"display:none;\">2017-06-02T19:30:29+01:00<\/span><span>Mai 27, 2017<\/span><span class=\"fusion-inline-sep\">|<\/span>Categories: <a href=\"https:\/\/liceofrancestenerife.es\/fr\/category\/maternelle\/\" rel=\"category tag\">Maternelle<\/a>, <a href=\"https:\/\/liceofrancestenerife.es\/fr\/category\/maternelle\/msgb-b\/\" rel=\"category tag\">MS\/GS B<\/a>, <a href=\"https:\/\/liceofrancestenerife.es\/fr\/category\/prive\/\" rel=\"category tag\">priv\u00e9<\/a>, <a href=\"https:\/\/liceofrancestenerife.es\/fr\/category\/stade-resumes-maternalle\/\" rel=\"category tag\">Stade R\u00e9sum\u00e9s Maternalle<\/a><span class=\"fusion-inline-sep\">|<\/span><\/p><div class=\"fusion-content-sep sep-double sep-solid\" style=\"border-color:#ebeaea;\"><\/div><div class=\"fusion-post-content-container\"><p>En mayo trabajamos el vocabulario de la familia. Seguimos hablando de como separar la basura y de lo que podemos hacer por el medioambiente. En grafismo,\u00a0 los MS han reproducido almenas y l\u00edneas onduladas. Los [...]<\/p><\/div><\/div><div class=\"fusion-meta-info\"><div class=\"fusion-alignleft\"><a class=\"fusion-read-more\" href=\"https:\/\/liceofrancestenerife.es\/fr\/mai-ms-gsb\/\" aria-label=\"More on Mayo en MS-GSB\">Read More<\/a><\/div><div class=\"fusion-alignright\"><span>Commentaires ferm\u00e9s<span class=\"screen-reader-text\"> sur Mayo en MS-GSB<\/span><\/span><\/div><\/div><\/div><div class=\"fusion-clearfix\"><\/div><\/div>\n<\/article>\n<\/div><h3 class=\"fusion-timeline-date\" style=\"background-color:#ebeaea;\">avril 2017<\/h3><div class=\"fusion-collapse-month\"><article id=\"blog-1-post-16377\" style=\"border-color:#ebeaea;\" class=\"fusion-post-timeline fusion-clearfix fusion-left-column post-16377 post type-post status-publish format-standard has-post-thumbnail hentry category-maternelle category-msgb-b category-non-classifiee category-prive category-stade-resumes-maternalle\">\n<div class=\"fusion-post-wrapper\" style=\"background-color:rgba(255,255,255,0);\">\n\n\t\t\t<div class=\"fusion-flexslider flexslider fusion-flexslider-loading fusion-post-slideshow\" style=\"border-color:#ebeaea;\">\n\t\t<ul class=\"slides\">\n\t\t\t\n\t\t\t\t\t\t\t\t\t\t\t\t\t\t<li>\n\n<div  class=\"fusion-image-wrapper\" aria-haspopup=\"true\">\n\t\n\t\n\t\n\t\t\n\t\t\t\t\t<img decoding=\"async\" width=\"1600\" height=\"1200\" src=\"https:\/\/liceofrancestenerife.es\/nuevaweb\/wp-content\/uploads\/2017\/04\/P1170494.jpg\" class=\"attachment-full size-full lazyload wp-post-image\" alt=\"\" srcset=\"data:image\/svg+xml,%3Csvg%20xmlns%3D%27http%3A%2F%2Fwww.w3.org%2F2000%2Fsvg%27%20width%3D%271600%27%20height%3D%271200%27%20viewBox%3D%270%200%201600%201200%27%3E%3Crect%20width%3D%271600%27%20height%3D%271200%27%20fill-opacity%3D%220%22%2F%3E%3C%2Fsvg%3E\" data-orig-src=\"https:\/\/liceofrancestenerife.es\/nuevaweb\/wp-content\/uploads\/2017\/04\/P1170494.jpg\" data-srcset=\"https:\/\/liceofrancestenerife.es\/nuevaweb\/wp-content\/uploads\/2017\/04\/P1170494-200x150.jpg 200w, https:\/\/liceofrancestenerife.es\/nuevaweb\/wp-content\/uploads\/2017\/04\/P1170494-400x300.jpg 400w, https:\/\/liceofrancestenerife.es\/nuevaweb\/wp-content\/uploads\/2017\/04\/P1170494-600x450.jpg 600w, https:\/\/liceofrancestenerife.es\/nuevaweb\/wp-content\/uploads\/2017\/04\/P1170494-800x600.jpg 800w, https:\/\/liceofrancestenerife.es\/nuevaweb\/wp-content\/uploads\/2017\/04\/P1170494-1200x900.jpg 1200w, https:\/\/liceofrancestenerife.es\/nuevaweb\/wp-content\/uploads\/2017\/04\/P1170494.jpg 1600w\" data-sizes=\"auto\" \/>\n\t\n\n\t\t<div class=\"fusion-rollover\">\n\t<div class=\"fusion-rollover-content\">\n\n\t\t\t\t\t\t\t\t\t\t\t\t\t\t<a class=\"fusion-rollover-link\" href=\"https:\/\/liceofrancestenerife.es\/fr\/mars-avril-ms-gsb\/\">Mars-avril en MS-GSB.<\/a>\n\t\t\t\n\t\t\t\t\t\t\t\t\t\t\t\t\t\t\n\t\t\t\t\t\t\t\t\n\t\t\t\t\t\t\t\t\t\t\t\t\t<div class=\"fusion-rollover-sep\"><\/div>\n\t\t\t\t\n\t\t\t\t\t\t\t\t\t\t\t\t\t\t\t\t\t\t<a class=\"fusion-rollover-gallery\" href=\"https:\/\/liceofrancestenerife.es\/nuevaweb\/wp-content\/uploads\/2017\/04\/P1170494.jpg\" data-id=\"16377\" data-rel=\"iLightbox[gallery]\" data-title=\"P1170494\" data-caption=\"\">\n\t\t\t\t\t\tGallery\t\t\t\t\t<\/a>\n\t\t\t\t\t\t\t\t\t\t\t\t\t\t\n\t\t\n\t\t\t\t\t\t\t\t\t\t\t\t<h4 class=\"fusion-rollover-title\">\n\t\t\t\t\t<a class=\"fusion-rollover-title-link\" href=\"https:\/\/liceofrancestenerife.es\/fr\/mars-avril-ms-gsb\/\">\n\t\t\t\t\t\tMars-avril en MS-GSB.\t\t\t\t\t<\/a>\n\t\t\t\t<\/h4>\n\t\t\t\n\t\t\t\t\t\t\t\t\t\t<div class=\"fusion-rollover-categories\"><a href=\"https:\/\/liceofrancestenerife.es\/fr\/category\/maternelle\/\" rel=\"tag\">Maternelle<\/a>, <a href=\"https:\/\/liceofrancestenerife.es\/fr\/category\/maternelle\/msgb-b\/\" rel=\"tag\">MS\/GS B<\/a>, <a href=\"https:\/\/liceofrancestenerife.es\/fr\/category\/non-classifiee\/\" rel=\"tag\">Non classifi\u00e9(e)<\/a>, <a href=\"https:\/\/liceofrancestenerife.es\/fr\/category\/prive\/\" rel=\"tag\">priv\u00e9<\/a>, <a href=\"https:\/\/liceofrancestenerife.es\/fr\/category\/stade-resumes-maternalle\/\" rel=\"tag\">Stade R\u00e9sum\u00e9s Maternalle<\/a><\/div>\t\t\t\t\t\n\t\t\n\t\t\t\t\t\t<a class=\"fusion-link-wrapper\" href=\"https:\/\/liceofrancestenerife.es\/fr\/mars-avril-ms-gsb\/\" aria-label=\"Mars-avril en MS-GSB.\"><\/a>\n\t<\/div>\n<\/div>\n\n\t\n<\/div>\n<\/li>\n\t\t\t\n\t\t\t\n\t\t\t\t\t\t\t\t\t\t\t\t\t\t\t\t\t\t\t\t\t\t\t\t\t\t\t\t\t\t\t\t\t\t\t\t\t\t\t\t\t\t\t\t\t\t\t\t\t\t\t\t\t\t\t\t\t\t\t\t\t\t\t\t\t\t\t\t<\/ul>\n\t<\/div>\n\t<div class=\"fusion-post-content-wrapper\" style=\"padding:30px 25px 20px 25px;\"><div class=\"fusion-post-content post-content\"><div class=\"fusion-timeline-circle\" style=\"background-color:#ebeaea;\"><\/div><div class=\"fusion-timeline-arrow\" style=\"color:#ebeaea;\"><\/div><h2 class=\"blog-shortcode-post-title entry-title\"><a href=\"https:\/\/liceofrancestenerife.es\/fr\/mars-avril-ms-gsb\/\">Mars-avril en MS-GSB.<\/a><\/h2><p class=\"fusion-single-line-meta\">By <span class=\"vcard\"><span class=\"fn\"><a href=\"https:\/\/liceofrancestenerife.es\/fr\/author\/cristinamatarazzo\/\" title=\"Articles par CristinaMatarazzo\" rel=\"author\">CristinaMatarazzo<\/a><\/span><\/span><span class=\"fusion-inline-sep\">|<\/span><span class=\"updated\" style=\"display:none;\">2017-04-09T17:52:38+01:00<\/span><span>Avr 9, 2017<\/span><span class=\"fusion-inline-sep\">|<\/span>Categories: <a href=\"https:\/\/liceofrancestenerife.es\/fr\/category\/maternelle\/\" rel=\"category tag\">Maternelle<\/a>, <a href=\"https:\/\/liceofrancestenerife.es\/fr\/category\/maternelle\/msgb-b\/\" rel=\"category tag\">MS\/GS B<\/a>, <a href=\"https:\/\/liceofrancestenerife.es\/fr\/category\/non-classifiee\/\" rel=\"category tag\">Non classifi\u00e9(e)<\/a>, <a href=\"https:\/\/liceofrancestenerife.es\/fr\/category\/prive\/\" rel=\"category tag\">priv\u00e9<\/a>, <a href=\"https:\/\/liceofrancestenerife.es\/fr\/category\/stade-resumes-maternalle\/\" rel=\"category tag\">Stade R\u00e9sum\u00e9s Maternalle<\/a><span class=\"fusion-inline-sep\">|<\/span><\/p><div class=\"fusion-content-sep sep-double sep-solid\" style=\"border-color:#ebeaea;\"><\/div><div class=\"fusion-post-content-container\"><p>Mars et avril ont \u00e9t\u00e9 deux mois bien remplis \u00e0 l'\u00e9cole. Nous avons fait des exp\u00e9riences sur les cinq sens pour nous rendre compte de leur importance . La vue. Le toucher. L\u2019ou\u00efe. L'odorat. Le [...]<\/p><\/div><\/div><div class=\"fusion-meta-info\"><div class=\"fusion-alignleft\"><a class=\"fusion-read-more\" href=\"https:\/\/liceofrancestenerife.es\/fr\/mars-avril-ms-gsb\/\" aria-label=\"More on Mars-avril en MS-GSB.\">Read More<\/a><\/div><div class=\"fusion-alignright\"><span>Commentaires ferm\u00e9s<span class=\"screen-reader-text\"> sur Mars-avril en MS-GSB.<\/span><\/span><\/div><\/div><\/div><div class=\"fusion-clearfix\"><\/div><\/div>\n<\/article>\n<\/div><h3 class=\"fusion-timeline-date\" style=\"background-color:#ebeaea;\">f\u00e9vrier 2017<\/h3><div class=\"fusion-collapse-month\"><article id=\"blog-1-post-15475\" style=\"border-color:#ebeaea;\" class=\"fusion-post-timeline fusion-clearfix fusion-right-column post-15475 post type-post status-publish format-standard has-post-thumbnail hentry category-maternelle category-msgb-b category-prive category-stade-resumes-maternalle\">\n<div class=\"fusion-post-wrapper\" style=\"background-color:rgba(255,255,255,0);\">\n\n\t\t\t<div class=\"fusion-flexslider flexslider fusion-flexslider-loading fusion-post-slideshow\" style=\"border-color:#ebeaea;\">\n\t\t<ul class=\"slides\">\n\t\t\t\n\t\t\t\t\t\t\t\t\t\t\t\t\t\t<li>\n\n<div  class=\"fusion-image-wrapper\" aria-haspopup=\"true\">\n\t\n\t\n\t\n\t\t\n\t\t\t\t\t<img decoding=\"async\" width=\"1600\" height=\"1200\" src=\"https:\/\/liceofrancestenerife.es\/nuevaweb\/wp-content\/uploads\/2017\/02\/P1170201.jpg\" class=\"attachment-full size-full lazyload wp-post-image\" alt=\"\" srcset=\"data:image\/svg+xml,%3Csvg%20xmlns%3D%27http%3A%2F%2Fwww.w3.org%2F2000%2Fsvg%27%20width%3D%271600%27%20height%3D%271200%27%20viewBox%3D%270%200%201600%201200%27%3E%3Crect%20width%3D%271600%27%20height%3D%271200%27%20fill-opacity%3D%220%22%2F%3E%3C%2Fsvg%3E\" data-orig-src=\"https:\/\/liceofrancestenerife.es\/nuevaweb\/wp-content\/uploads\/2017\/02\/P1170201.jpg\" data-srcset=\"https:\/\/liceofrancestenerife.es\/nuevaweb\/wp-content\/uploads\/2017\/02\/P1170201-200x150.jpg 200w, https:\/\/liceofrancestenerife.es\/nuevaweb\/wp-content\/uploads\/2017\/02\/P1170201-400x300.jpg 400w, https:\/\/liceofrancestenerife.es\/nuevaweb\/wp-content\/uploads\/2017\/02\/P1170201-600x450.jpg 600w, https:\/\/liceofrancestenerife.es\/nuevaweb\/wp-content\/uploads\/2017\/02\/P1170201-800x600.jpg 800w, https:\/\/liceofrancestenerife.es\/nuevaweb\/wp-content\/uploads\/2017\/02\/P1170201-1200x900.jpg 1200w, https:\/\/liceofrancestenerife.es\/nuevaweb\/wp-content\/uploads\/2017\/02\/P1170201.jpg 1600w\" data-sizes=\"auto\" \/>\n\t\n\n\t\t<div class=\"fusion-rollover\">\n\t<div class=\"fusion-rollover-content\">\n\n\t\t\t\t\t\t\t\t\t\t\t\t\t\t<a class=\"fusion-rollover-link\" href=\"https:\/\/liceofrancestenerife.es\/fr\/fevrier-ms-gsb\/\">F\u00e9vrier en MS-GSB.<\/a>\n\t\t\t\n\t\t\t\t\t\t\t\t\t\t\t\t\t\t\n\t\t\t\t\t\t\t\t\n\t\t\t\t\t\t\t\t\t\t\t\t\t<div class=\"fusion-rollover-sep\"><\/div>\n\t\t\t\t\n\t\t\t\t\t\t\t\t\t\t\t\t\t\t\t\t\t\t<a class=\"fusion-rollover-gallery\" href=\"https:\/\/liceofrancestenerife.es\/nuevaweb\/wp-content\/uploads\/2017\/02\/P1170201.jpg\" data-id=\"15475\" data-rel=\"iLightbox[gallery]\" data-title=\"P1170201\" data-caption=\"\">\n\t\t\t\t\t\tGallery\t\t\t\t\t<\/a>\n\t\t\t\t\t\t\t\t\t\t\t\t\t\t\n\t\t\n\t\t\t\t\t\t\t\t\t\t\t\t<h4 class=\"fusion-rollover-title\">\n\t\t\t\t\t<a class=\"fusion-rollover-title-link\" href=\"https:\/\/liceofrancestenerife.es\/fr\/fevrier-ms-gsb\/\">\n\t\t\t\t\t\tF\u00e9vrier en MS-GSB.\t\t\t\t\t<\/a>\n\t\t\t\t<\/h4>\n\t\t\t\n\t\t\t\t\t\t\t\t\t\t<div class=\"fusion-rollover-categories\"><a href=\"https:\/\/liceofrancestenerife.es\/fr\/category\/maternelle\/\" rel=\"tag\">Maternelle<\/a>, <a href=\"https:\/\/liceofrancestenerife.es\/fr\/category\/maternelle\/msgb-b\/\" rel=\"tag\">MS\/GS B<\/a>, <a href=\"https:\/\/liceofrancestenerife.es\/fr\/category\/prive\/\" rel=\"tag\">priv\u00e9<\/a>, <a href=\"https:\/\/liceofrancestenerife.es\/fr\/category\/stade-resumes-maternalle\/\" rel=\"tag\">Stade R\u00e9sum\u00e9s Maternalle<\/a><\/div>\t\t\t\t\t\n\t\t\n\t\t\t\t\t\t<a class=\"fusion-link-wrapper\" href=\"https:\/\/liceofrancestenerife.es\/fr\/fevrier-ms-gsb\/\" aria-label=\"F\u00e9vrier en MS-GSB.\"><\/a>\n\t<\/div>\n<\/div>\n\n\t\n<\/div>\n<\/li>\n\t\t\t\n\t\t\t\n\t\t\t\t\t\t\t\t\t\t\t\t\t\t\t\t\t\t\t\t\t\t\t\t\t\t\t\t\t\t\t\t\t\t\t\t\t\t\t\t\t\t\t\t\t\t\t\t\t\t\t\t\t\t\t\t\t\t\t\t\t\t\t\t\t\t\t\t<\/ul>\n\t<\/div>\n\t<div class=\"fusion-post-content-wrapper\" style=\"padding:30px 25px 20px 25px;\"><div class=\"fusion-post-content post-content\"><div class=\"fusion-timeline-circle\" style=\"background-color:#ebeaea;\"><\/div><div class=\"fusion-timeline-arrow\" style=\"color:#ebeaea;\"><\/div><h2 class=\"blog-shortcode-post-title entry-title\"><a href=\"https:\/\/liceofrancestenerife.es\/fr\/fevrier-ms-gsb\/\">F\u00e9vrier en MS-GSB.<\/a><\/h2><p class=\"fusion-single-line-meta\">By <span class=\"vcard\"><span class=\"fn\"><a href=\"https:\/\/liceofrancestenerife.es\/fr\/author\/cristinamatarazzo\/\" title=\"Articles par CristinaMatarazzo\" rel=\"author\">CristinaMatarazzo<\/a><\/span><\/span><span class=\"fusion-inline-sep\">|<\/span><span class=\"updated\" style=\"display:none;\">2017-02-27T09:31:11+00:00<\/span><span>F\u00e9v 25, 2017<\/span><span class=\"fusion-inline-sep\">|<\/span>Categories: <a href=\"https:\/\/liceofrancestenerife.es\/fr\/category\/maternelle\/\" rel=\"category tag\">Maternelle<\/a>, <a href=\"https:\/\/liceofrancestenerife.es\/fr\/category\/maternelle\/msgb-b\/\" rel=\"category tag\">MS\/GS B<\/a>, <a href=\"https:\/\/liceofrancestenerife.es\/fr\/category\/prive\/\" rel=\"category tag\">priv\u00e9<\/a>, <a href=\"https:\/\/liceofrancestenerife.es\/fr\/category\/stade-resumes-maternalle\/\" rel=\"category tag\">Stade R\u00e9sum\u00e9s Maternalle<\/a><span class=\"fusion-inline-sep\">|<\/span><\/p><div class=\"fusion-content-sep sep-double sep-solid\" style=\"border-color:#ebeaea;\"><\/div><div class=\"fusion-post-content-container\"><p>Pendant le mois de f\u00e9vrier, nous avons parl\u00e9 des instruments de musique et\u00a0 nous avons appris leur nom en fran\u00e7ais.\u00a0 Nous avons \u00e9cout\u00e9 des extraits de diff\u00e9rents types de musique: classique, jazz, op\u00e9ra, etc. \u00a0 [...]<\/p><\/div><\/div><div class=\"fusion-meta-info\"><div class=\"fusion-alignleft\"><a class=\"fusion-read-more\" href=\"https:\/\/liceofrancestenerife.es\/fr\/fevrier-ms-gsb\/\" aria-label=\"More on F\u00e9vrier en MS-GSB.\">Read More<\/a><\/div><div class=\"fusion-alignright\"><span>Commentaires ferm\u00e9s<span class=\"screen-reader-text\"> sur F\u00e9vrier en MS-GSB.<\/span><\/span><\/div><\/div><\/div><div class=\"fusion-clearfix\"><\/div><\/div>\n<\/article>\n<article id=\"blog-1-post-15393\" style=\"border-color:#ebeaea;\" class=\"fusion-post-timeline fusion-clearfix fusion-left-column post-15393 post type-post status-publish format-standard hentry category-maternelle category-msgb-b category-prive category-stade-resumes-maternalle\">\n<div class=\"fusion-post-wrapper\" style=\"background-color:rgba(255,255,255,0);\">\n\n<div class=\"fusion-post-content-wrapper\" style=\"padding:30px 25px 20px 25px;\"><div class=\"fusion-post-content post-content\"><div class=\"fusion-timeline-circle\" style=\"background-color:#ebeaea;\"><\/div><div class=\"fusion-timeline-arrow\" style=\"color:#ebeaea;\"><\/div><h2 class=\"blog-shortcode-post-title entry-title\"><a href=\"https:\/\/liceofrancestenerife.es\/fr\/janvier-en-ms-gsb\/\">Janvier en MS-GSB.<\/a><\/h2><p class=\"fusion-single-line-meta\">By <span class=\"vcard\"><span class=\"fn\"><a href=\"https:\/\/liceofrancestenerife.es\/fr\/author\/adminnex\/\" title=\"Articles par Liceo Franc\u00e9s de Tenerife\" rel=\"author\">Liceo Franc\u00e9s de Tenerife<\/a><\/span><\/span><span class=\"fusion-inline-sep\">|<\/span><span class=\"updated\" style=\"display:none;\">2017-02-24T08:16:11+00:00<\/span><span>F\u00e9v 2, 2017<\/span><span class=\"fusion-inline-sep\">|<\/span>Categories: <a href=\"https:\/\/liceofrancestenerife.es\/fr\/category\/maternelle\/\" rel=\"category tag\">Maternelle<\/a>, <a href=\"https:\/\/liceofrancestenerife.es\/fr\/category\/maternelle\/msgb-b\/\" rel=\"category tag\">MS\/GS B<\/a>, <a href=\"https:\/\/liceofrancestenerife.es\/fr\/category\/prive\/\" rel=\"category tag\">priv\u00e9<\/a>, <a href=\"https:\/\/liceofrancestenerife.es\/fr\/category\/stade-resumes-maternalle\/\" rel=\"category tag\">Stade R\u00e9sum\u00e9s Maternalle<\/a><span class=\"fusion-inline-sep\">|<\/span><\/p><div class=\"fusion-content-sep sep-double sep-solid\" style=\"border-color:#ebeaea;\"><\/div><div class=\"fusion-post-content-container\"><p>Nous avons commenc\u00e9 le mois de janvier en pr\u00e9parant des d\u00e9licieuses galettes... \u00a0 \u00a0 \u00a0 \u00a0 \u00a0 \u00a0 \u00a0 \u00a0 \u00a0 \u00a0 \u00a0 \u00a0 \u00a0 \u00a0 \u00a0 \u00a0 \u00a0 \u00a0 \u00a0 \u00a0 \u00a0 \u00a0 \u00a0 [...]<\/p><\/div><\/div><div class=\"fusion-meta-info\"><div class=\"fusion-alignleft\"><a class=\"fusion-read-more\" href=\"https:\/\/liceofrancestenerife.es\/fr\/janvier-en-ms-gsb\/\" aria-label=\"More on Janvier en MS-GSB.\">Read More<\/a><\/div><div class=\"fusion-alignright\"><span>Commentaires ferm\u00e9s<span class=\"screen-reader-text\"> sur Janvier en MS-GSB.<\/span><\/span><\/div><\/div><\/div><div class=\"fusion-clearfix\"><\/div><\/div>\n<\/article>\n<\/div><h3 class=\"fusion-timeline-date\" style=\"background-color:#ebeaea;\">d\u00e9cembre 2016<\/h3><div class=\"fusion-collapse-month\"><article id=\"blog-1-post-11068\" style=\"border-color:#ebeaea;\" class=\"fusion-post-timeline fusion-clearfix fusion-right-column post-11068 post type-post status-publish format-standard has-post-thumbnail hentry category-maternelle category-msgb-b category-prive category-stade-resumes-maternalle\">\n<div class=\"fusion-post-wrapper\" style=\"background-color:rgba(255,255,255,0);\">\n\n\t\t\t<div class=\"fusion-flexslider flexslider fusion-flexslider-loading fusion-post-slideshow\" style=\"border-color:#ebeaea;\">\n\t\t<ul class=\"slides\">\n\t\t\t\n\t\t\t\t\t\t\t\t\t\t\t\t\t\t<li>\n\n<div  class=\"fusion-image-wrapper\" aria-haspopup=\"true\">\n\t\n\t\n\t\n\t\t\n\t\t\t\t\t<img decoding=\"async\" width=\"1500\" height=\"1125\" src=\"https:\/\/liceofrancestenerife.es\/nuevaweb\/wp-content\/uploads\/2016\/12\/P1160644.jpg\" class=\"attachment-full size-full lazyload wp-post-image\" alt=\"\" srcset=\"data:image\/svg+xml,%3Csvg%20xmlns%3D%27http%3A%2F%2Fwww.w3.org%2F2000%2Fsvg%27%20width%3D%271500%27%20height%3D%271125%27%20viewBox%3D%270%200%201500%201125%27%3E%3Crect%20width%3D%271500%27%20height%3D%271125%27%20fill-opacity%3D%220%22%2F%3E%3C%2Fsvg%3E\" data-orig-src=\"https:\/\/liceofrancestenerife.es\/nuevaweb\/wp-content\/uploads\/2016\/12\/P1160644.jpg\" data-srcset=\"https:\/\/liceofrancestenerife.es\/nuevaweb\/wp-content\/uploads\/2016\/12\/P1160644-200x150.jpg 200w, https:\/\/liceofrancestenerife.es\/nuevaweb\/wp-content\/uploads\/2016\/12\/P1160644-400x300.jpg 400w, https:\/\/liceofrancestenerife.es\/nuevaweb\/wp-content\/uploads\/2016\/12\/P1160644-600x450.jpg 600w, https:\/\/liceofrancestenerife.es\/nuevaweb\/wp-content\/uploads\/2016\/12\/P1160644-800x600.jpg 800w, https:\/\/liceofrancestenerife.es\/nuevaweb\/wp-content\/uploads\/2016\/12\/P1160644-1200x900.jpg 1200w, https:\/\/liceofrancestenerife.es\/nuevaweb\/wp-content\/uploads\/2016\/12\/P1160644.jpg 1500w\" data-sizes=\"auto\" \/>\n\t\n\n\t\t<div class=\"fusion-rollover\">\n\t<div class=\"fusion-rollover-content\">\n\n\t\t\t\t\t\t\t\t\t\t\t\t\t\t<a class=\"fusion-rollover-link\" href=\"https:\/\/liceofrancestenerife.es\/fr\/decembre-ms-gsb\/\">D\u00e9cembre en MS-GSB.<\/a>\n\t\t\t\n\t\t\t\t\t\t\t\t\t\t\t\t\t\t\n\t\t\t\t\t\t\t\t\n\t\t\t\t\t\t\t\t\t\t\t\t\t<div class=\"fusion-rollover-sep\"><\/div>\n\t\t\t\t\n\t\t\t\t\t\t\t\t\t\t\t\t\t\t\t\t\t\t<a class=\"fusion-rollover-gallery\" href=\"https:\/\/liceofrancestenerife.es\/nuevaweb\/wp-content\/uploads\/2016\/12\/P1160644.jpg\" data-id=\"11068\" data-rel=\"iLightbox[gallery]\" data-title=\"P1160644.jpg\" data-caption=\"\">\n\t\t\t\t\t\tGallery\t\t\t\t\t<\/a>\n\t\t\t\t\t\t\t\t\t\t\t\t\t\t\n\t\t\n\t\t\t\t\t\t\t\t\t\t\t\t<h4 class=\"fusion-rollover-title\">\n\t\t\t\t\t<a class=\"fusion-rollover-title-link\" href=\"https:\/\/liceofrancestenerife.es\/fr\/decembre-ms-gsb\/\">\n\t\t\t\t\t\tD\u00e9cembre en MS-GSB.\t\t\t\t\t<\/a>\n\t\t\t\t<\/h4>\n\t\t\t\n\t\t\t\t\t\t\t\t\t\t<div class=\"fusion-rollover-categories\"><a href=\"https:\/\/liceofrancestenerife.es\/fr\/category\/maternelle\/\" rel=\"tag\">Maternelle<\/a>, <a href=\"https:\/\/liceofrancestenerife.es\/fr\/category\/maternelle\/msgb-b\/\" rel=\"tag\">MS\/GS B<\/a>, <a href=\"https:\/\/liceofrancestenerife.es\/fr\/category\/prive\/\" rel=\"tag\">priv\u00e9<\/a>, <a href=\"https:\/\/liceofrancestenerife.es\/fr\/category\/stade-resumes-maternalle\/\" rel=\"tag\">Stade R\u00e9sum\u00e9s Maternalle<\/a><\/div>\t\t\t\t\t\n\t\t\n\t\t\t\t\t\t<a class=\"fusion-link-wrapper\" href=\"https:\/\/liceofrancestenerife.es\/fr\/decembre-ms-gsb\/\" aria-label=\"D\u00e9cembre en MS-GSB.\"><\/a>\n\t<\/div>\n<\/div>\n\n\t\n<\/div>\n<\/li>\n\t\t\t\n\t\t\t\n\t\t\t\t\t\t\t\t\t\t\t\t\t\t\t\t\t\t\t\t\t\t\t\t\t\t\t\t\t\t\t\t\t\t\t\t\t\t\t\t\t\t\t\t\t\t\t\t\t\t\t\t\t\t\t\t\t\t\t\t\t\t\t\t\t\t\t\t<\/ul>\n\t<\/div>\n\t<div class=\"fusion-post-content-wrapper\" style=\"padding:30px 25px 20px 25px;\"><div class=\"fusion-post-content post-content\"><div class=\"fusion-timeline-circle\" style=\"background-color:#ebeaea;\"><\/div><div class=\"fusion-timeline-arrow\" style=\"color:#ebeaea;\"><\/div><h2 class=\"blog-shortcode-post-title entry-title\"><a href=\"https:\/\/liceofrancestenerife.es\/fr\/decembre-ms-gsb\/\">D\u00e9cembre en MS-GSB.<\/a><\/h2><p class=\"fusion-single-line-meta\">By <span class=\"vcard\"><span class=\"fn\"><a href=\"https:\/\/liceofrancestenerife.es\/fr\/author\/cristinamatarazzo\/\" title=\"Articles par CristinaMatarazzo\" rel=\"author\">CristinaMatarazzo<\/a><\/span><\/span><span class=\"fusion-inline-sep\">|<\/span><span class=\"updated\" style=\"display:none;\">2017-02-24T08:17:07+00:00<\/span><span>D\u00e9c 22, 2016<\/span><span class=\"fusion-inline-sep\">|<\/span>Categories: <a href=\"https:\/\/liceofrancestenerife.es\/fr\/category\/maternelle\/\" rel=\"category tag\">Maternelle<\/a>, <a href=\"https:\/\/liceofrancestenerife.es\/fr\/category\/maternelle\/msgb-b\/\" rel=\"category tag\">MS\/GS B<\/a>, <a href=\"https:\/\/liceofrancestenerife.es\/fr\/category\/prive\/\" rel=\"category tag\">priv\u00e9<\/a>, <a href=\"https:\/\/liceofrancestenerife.es\/fr\/category\/stade-resumes-maternalle\/\" rel=\"category tag\">Stade R\u00e9sum\u00e9s Maternalle<\/a><span class=\"fusion-inline-sep\">|<\/span><\/p><div class=\"fusion-content-sep sep-double sep-solid\" style=\"border-color:#ebeaea;\"><\/div><div class=\"fusion-post-content-container\"><p>Et nous voil\u00e0 au mois de d\u00e9cembre. Nous avons appris le vocabulaire de No\u00ebl avec des jeux et des devinettes. \u00a0 \u00a0 Nous avons beaucoup travaill\u00e9 \u00e0 la pr\u00e9paration des objets pour le march\u00e9 de [...]<\/p><\/div><\/div><div class=\"fusion-meta-info\"><div class=\"fusion-alignleft\"><a class=\"fusion-read-more\" href=\"https:\/\/liceofrancestenerife.es\/fr\/decembre-ms-gsb\/\" aria-label=\"More on D\u00e9cembre en MS-GSB.\">Read More<\/a><\/div><div class=\"fusion-alignright\"><span>Commentaires ferm\u00e9s<span class=\"screen-reader-text\"> sur D\u00e9cembre en MS-GSB.<\/span><\/span><\/div><\/div><\/div><div class=\"fusion-clearfix\"><\/div><\/div>\n<\/article>\n<\/div><\/div><\/div><div class=\"pagination clearfix\"><span class=\"current\">1<\/span><a href=\"https:\/\/liceofrancestenerife.es\/fr\/wp-json\/wp\/v2\/pages\/15455\/page\/2\/\" class=\"inactive\">2<\/a><a class=\"pagination-next\" rel=\"next\" href=\"https:\/\/liceofrancestenerife.es\/fr\/wp-json\/wp\/v2\/pages\/15455\/page\/2\/\"><span class=\"page-text\">Prochaine<\/span><span class=\"page-next\"><\/span><\/a><\/div><div class=\"fusion-clearfix\"><\/div><\/div><div class=\"fusion-clearfix\"><\/div><\/div><\/div><\/div><\/div>\n","protected":false},"excerpt":{"rendered":"","protected":false},"author":1,"featured_media":0,"parent":10802,"menu_order":0,"comment_status":"closed","ping_status":"closed","template":"","meta":{"footnotes":""},"class_list":["post-15455","page","type-page","status-publish","hentry"],"_links":{"self":[{"href":"https:\/\/liceofrancestenerife.es\/fr\/wp-json\/wp\/v2\/pages\/15455","targetHints":{"allow":["GET"]}}],"collection":[{"href":"https:\/\/liceofrancestenerife.es\/fr\/wp-json\/wp\/v2\/pages"}],"about":[{"href":"https:\/\/liceofrancestenerife.es\/fr\/wp-json\/wp\/v2\/types\/page"}],"author":[{"embeddable":true,"href":"https:\/\/liceofrancestenerife.es\/fr\/wp-json\/wp\/v2\/users\/1"}],"replies":[{"embeddable":true,"href":"https:\/\/liceofrancestenerife.es\/fr\/wp-json\/wp\/v2\/comments?post=15455"}],"version-history":[{"count":0,"href":"https:\/\/liceofrancestenerife.es\/fr\/wp-json\/wp\/v2\/pages\/15455\/revisions"}],"up":[{"embeddable":true,"href":"https:\/\/liceofrancestenerife.es\/fr\/wp-json\/wp\/v2\/pages\/10802"}],"wp:attachment":[{"href":"https:\/\/liceofrancestenerife.es\/fr\/wp-json\/wp\/v2\/media?parent=15455"}],"curies":[{"name":"wp","href":"https:\/\/api.w.org\/{rel}","templated":true}]}}