{"id":15456,"date":"2017-02-23T15:09:12","date_gmt":"2017-02-23T15:09:12","guid":{"rendered":"http:\/\/liceofrancestenerife.es\/nuevaweb\/stade-resumes-maternalle\/msgs-c\/"},"modified":"2017-02-23T15:09:12","modified_gmt":"2017-02-23T15:09:12","slug":"msgs-c","status":"publish","type":"page","link":"https:\/\/liceofrancestenerife.es\/fr\/stade-resumes-maternalle\/msgs-c\/","title":{"rendered":"MS\/GS C"},"content":{"rendered":"<div class=\"fusion-fullwidth fullwidth-box fusion-builder-row-1 nonhundred-percent-fullwidth non-hundred-percent-height-scrolling\" style=\"background-color: rgba(255,255,255,0);background-position: center center;background-repeat: no-repeat;padding-top:20px;padding-right:0px;padding-bottom:20px;padding-left:0px;margin-bottom: 0px;margin-top: 0px;border-width: 0px 0px 0px 0px;border-color:#eae9e9;border-style:solid;\" ><div class=\"fusion-builder-row fusion-row\"><div class=\"fusion-layout-column fusion_builder_column fusion-builder-column-0 fusion_builder_column_1_1 1_1 fusion-one-full fusion-column-first fusion-column-last\" style=\"margin-top:0px;margin-bottom:20px;\"><div class=\"fusion-column-wrapper fusion-flex-column-wrapper-legacy\" style=\"background-position:left top;background-repeat:no-repeat;-webkit-background-size:cover;-moz-background-size:cover;-o-background-size:cover;background-size:cover;padding: 0px 0px 0px 0px;\"><div class=\"fusion-blog-shortcode fusion-blog-shortcode-1 fusion-blog-archive fusion-blog-layout-timeline-wrapper fusion-blog-pagination\"><div class=\"fusion-posts-container fusion-posts-container-pagination fusion-blog-rollover\" data-pages=\"2\"><div class=\"fusion-timeline-icon\"><i class=\"fusion-icon-bubbles\" style=\"color:#ebeaea;\" aria-hidden=\"true\"><\/i><\/div><div class=\"fusion-blog-layout-timeline fusion-clearfix\"><div class=\"fusion-timeline-line\" style=\"border-left:1px solid #ebeaea;border-right:1px solid #ebeaea;\"><\/div><h3 class=\"fusion-timeline-date\" style=\"background-color:#ebeaea;\">avril 2018<\/h3><div class=\"fusion-collapse-month\"><article id=\"blog-1-post-22001\" style=\"border-color:#ebeaea;\" class=\"fusion-post-timeline fusion-clearfix fusion-left-column post-22001 post type-post status-publish format-standard has-post-thumbnail hentry category-maternelle category-msgs-c-fr category-non-classifiee category-prive\">\n<div class=\"fusion-post-wrapper\" style=\"background-color:rgba(255,255,255,0);\">\n\n\t\t\t<div class=\"fusion-flexslider flexslider fusion-flexslider-loading fusion-post-slideshow\" style=\"border-color:#ebeaea;\">\n\t\t<ul class=\"slides\">\n\t\t\t\n\t\t\t\t\t\t\t\t\t\t\t\t\t\t<li>\n\n<div  class=\"fusion-image-wrapper\" aria-haspopup=\"true\">\n\t\n\t\n\t\n\t\t\n\t\t\t\t\t<img decoding=\"async\" width=\"4160\" height=\"2336\" src=\"https:\/\/liceofrancestenerife.es\/nuevaweb\/wp-content\/uploads\/2018\/04\/IMG_20180209_093347.jpg\" class=\"attachment-full size-full lazyload wp-post-image\" alt=\"\" srcset=\"data:image\/svg+xml,%3Csvg%20xmlns%3D%27http%3A%2F%2Fwww.w3.org%2F2000%2Fsvg%27%20width%3D%274160%27%20height%3D%272336%27%20viewBox%3D%270%200%204160%202336%27%3E%3Crect%20width%3D%274160%27%20height%3D%272336%27%20fill-opacity%3D%220%22%2F%3E%3C%2Fsvg%3E\" data-orig-src=\"https:\/\/liceofrancestenerife.es\/nuevaweb\/wp-content\/uploads\/2018\/04\/IMG_20180209_093347.jpg\" data-srcset=\"https:\/\/liceofrancestenerife.es\/nuevaweb\/wp-content\/uploads\/2018\/04\/IMG_20180209_093347-200x112.jpg 200w, https:\/\/liceofrancestenerife.es\/nuevaweb\/wp-content\/uploads\/2018\/04\/IMG_20180209_093347-400x225.jpg 400w, https:\/\/liceofrancestenerife.es\/nuevaweb\/wp-content\/uploads\/2018\/04\/IMG_20180209_093347-600x337.jpg 600w, https:\/\/liceofrancestenerife.es\/nuevaweb\/wp-content\/uploads\/2018\/04\/IMG_20180209_093347-800x449.jpg 800w, https:\/\/liceofrancestenerife.es\/nuevaweb\/wp-content\/uploads\/2018\/04\/IMG_20180209_093347-1200x674.jpg 1200w, https:\/\/liceofrancestenerife.es\/nuevaweb\/wp-content\/uploads\/2018\/04\/IMG_20180209_093347.jpg 4160w\" data-sizes=\"auto\" \/>\n\t\n\n\t\t<div class=\"fusion-rollover\">\n\t<div class=\"fusion-rollover-content\">\n\n\t\t\t\t\t\t\t\t\t\t\t\t\t\t<a class=\"fusion-rollover-link\" href=\"https:\/\/liceofrancestenerife.es\/fr\/janvier-et-fevrier-ms-gs-c\/\">Janvier et F\u00e9vrier MS\/GS C<\/a>\n\t\t\t\n\t\t\t\t\t\t\t\t\t\t\t\t\t\t\n\t\t\t\t\t\t\t\t\n\t\t\t\t\t\t\t\t\t\t\t\t\t<div class=\"fusion-rollover-sep\"><\/div>\n\t\t\t\t\n\t\t\t\t\t\t\t\t\t\t\t\t\t\t\t\t\t\t<a class=\"fusion-rollover-gallery\" href=\"https:\/\/liceofrancestenerife.es\/nuevaweb\/wp-content\/uploads\/2018\/04\/IMG_20180209_093347.jpg\" data-id=\"22001\" data-rel=\"iLightbox[gallery]\" data-title=\"IMG_20180209_093347\" data-caption=\"\">\n\t\t\t\t\t\tGallery\t\t\t\t\t<\/a>\n\t\t\t\t\t\t\t\t\t\t\t\t\t\t\n\t\t\n\t\t\t\t\t\t\t\t\t\t\t\t<h4 class=\"fusion-rollover-title\">\n\t\t\t\t\t<a class=\"fusion-rollover-title-link\" href=\"https:\/\/liceofrancestenerife.es\/fr\/janvier-et-fevrier-ms-gs-c\/\">\n\t\t\t\t\t\tJanvier et F\u00e9vrier MS\/GS C\t\t\t\t\t<\/a>\n\t\t\t\t<\/h4>\n\t\t\t\n\t\t\t\t\t\t\t\t\t\t<div class=\"fusion-rollover-categories\"><a href=\"https:\/\/liceofrancestenerife.es\/fr\/category\/maternelle\/\" rel=\"tag\">Maternelle<\/a>, <a href=\"https:\/\/liceofrancestenerife.es\/fr\/category\/maternelle\/msgs-c-fr\/\" rel=\"tag\">MS\/GS C<\/a>, <a href=\"https:\/\/liceofrancestenerife.es\/fr\/category\/non-classifiee\/\" rel=\"tag\">Non classifi\u00e9(e)<\/a>, <a href=\"https:\/\/liceofrancestenerife.es\/fr\/category\/prive\/\" rel=\"tag\">priv\u00e9<\/a><\/div>\t\t\t\t\t\n\t\t\n\t\t\t\t\t\t<a class=\"fusion-link-wrapper\" href=\"https:\/\/liceofrancestenerife.es\/fr\/janvier-et-fevrier-ms-gs-c\/\" aria-label=\"Janvier et F\u00e9vrier MS\/GS C\"><\/a>\n\t<\/div>\n<\/div>\n\n\t\n<\/div>\n<\/li>\n\t\t\t\n\t\t\t\n\t\t\t\t\t\t\t\t\t\t\t\t\t\t\t\t\t\t\t\t\t\t\t\t\t\t\t\t\t\t\t\t\t\t\t\t\t\t\t\t\t\t\t\t\t\t\t\t\t\t\t\t\t\t\t\t\t\t\t\t\t\t\t\t\t\t\t\t<\/ul>\n\t<\/div>\n\t<div class=\"fusion-post-content-wrapper\" style=\"padding:30px 25px 20px 25px;\"><div class=\"fusion-post-content post-content\"><div class=\"fusion-timeline-circle\" style=\"background-color:#ebeaea;\"><\/div><div class=\"fusion-timeline-arrow\" style=\"color:#ebeaea;\"><\/div><h2 class=\"blog-shortcode-post-title entry-title\"><a href=\"https:\/\/liceofrancestenerife.es\/fr\/janvier-et-fevrier-ms-gs-c\/\">Janvier et F\u00e9vrier MS\/GS C<\/a><\/h2><p class=\"fusion-single-line-meta\">By <span class=\"vcard\"><span class=\"fn\"><a href=\"https:\/\/liceofrancestenerife.es\/fr\/author\/valeriandesmurs\/\" title=\"Articles par ValerianDesmurs\" rel=\"author\">ValerianDesmurs<\/a><\/span><\/span><span class=\"fusion-inline-sep\">|<\/span><span class=\"updated\" style=\"display:none;\">2018-04-04T17:40:07+01:00<\/span><span>Avr 4, 2018<\/span><span class=\"fusion-inline-sep\">|<\/span>Categories: <a href=\"https:\/\/liceofrancestenerife.es\/fr\/category\/maternelle\/\" rel=\"category tag\">Maternelle<\/a>, <a href=\"https:\/\/liceofrancestenerife.es\/fr\/category\/maternelle\/msgs-c-fr\/\" rel=\"category tag\">MS\/GS C<\/a>, <a href=\"https:\/\/liceofrancestenerife.es\/fr\/category\/non-classifiee\/\" rel=\"category tag\">Non classifi\u00e9(e)<\/a>, <a href=\"https:\/\/liceofrancestenerife.es\/fr\/category\/prive\/\" rel=\"category tag\">priv\u00e9<\/a><span class=\"fusion-inline-sep\">|<\/span><\/p><div class=\"fusion-content-sep sep-double sep-solid\" style=\"border-color:#ebeaea;\"><\/div><div class=\"fusion-post-content-container\"><p>Les mois de Janvier et F\u00e9vrier Les th\u00e8mes de ces mois sont:le carnaval et la galette. En langage:   En graphisme:   En math\u00e9matiques:     En psychomotricit\u00e9:   Au [...]<\/p><\/div><\/div><div class=\"fusion-meta-info\"><div class=\"fusion-alignleft\"><a class=\"fusion-read-more\" href=\"https:\/\/liceofrancestenerife.es\/fr\/janvier-et-fevrier-ms-gs-c\/\" aria-label=\"More on Janvier et F\u00e9vrier MS\/GS C\">Read More<\/a><\/div><div class=\"fusion-alignright\"><span>Commentaires ferm\u00e9s<span class=\"screen-reader-text\"> sur Janvier et F\u00e9vrier MS\/GS C<\/span><\/span><\/div><\/div><\/div><div class=\"fusion-clearfix\"><\/div><\/div>\n<\/article>\n<article id=\"blog-1-post-21962\" style=\"border-color:#ebeaea;\" class=\"fusion-post-timeline fusion-clearfix fusion-right-column post-21962 post type-post status-publish format-standard has-post-thumbnail hentry category-maternelle category-msgs-c-fr category-non-classifiee category-prive\">\n<div class=\"fusion-post-wrapper\" style=\"background-color:rgba(255,255,255,0);\">\n\n\t\t\t<div class=\"fusion-flexslider flexslider fusion-flexslider-loading fusion-post-slideshow\" style=\"border-color:#ebeaea;\">\n\t\t<ul class=\"slides\">\n\t\t\t\n\t\t\t\t\t\t\t\t\t\t\t\t\t\t<li>\n\n<div  class=\"fusion-image-wrapper\" aria-haspopup=\"true\">\n\t\n\t\n\t\n\t\t\n\t\t\t\t\t<img decoding=\"async\" width=\"4160\" height=\"2336\" src=\"https:\/\/liceofrancestenerife.es\/nuevaweb\/wp-content\/uploads\/2018\/04\/IMG_20180323_093511.jpg\" class=\"attachment-full size-full lazyload wp-post-image\" alt=\"\" srcset=\"data:image\/svg+xml,%3Csvg%20xmlns%3D%27http%3A%2F%2Fwww.w3.org%2F2000%2Fsvg%27%20width%3D%274160%27%20height%3D%272336%27%20viewBox%3D%270%200%204160%202336%27%3E%3Crect%20width%3D%274160%27%20height%3D%272336%27%20fill-opacity%3D%220%22%2F%3E%3C%2Fsvg%3E\" data-orig-src=\"https:\/\/liceofrancestenerife.es\/nuevaweb\/wp-content\/uploads\/2018\/04\/IMG_20180323_093511.jpg\" data-srcset=\"https:\/\/liceofrancestenerife.es\/nuevaweb\/wp-content\/uploads\/2018\/04\/IMG_20180323_093511-200x112.jpg 200w, https:\/\/liceofrancestenerife.es\/nuevaweb\/wp-content\/uploads\/2018\/04\/IMG_20180323_093511-400x225.jpg 400w, https:\/\/liceofrancestenerife.es\/nuevaweb\/wp-content\/uploads\/2018\/04\/IMG_20180323_093511-600x337.jpg 600w, https:\/\/liceofrancestenerife.es\/nuevaweb\/wp-content\/uploads\/2018\/04\/IMG_20180323_093511-800x449.jpg 800w, https:\/\/liceofrancestenerife.es\/nuevaweb\/wp-content\/uploads\/2018\/04\/IMG_20180323_093511-1200x674.jpg 1200w, https:\/\/liceofrancestenerife.es\/nuevaweb\/wp-content\/uploads\/2018\/04\/IMG_20180323_093511.jpg 4160w\" data-sizes=\"auto\" \/>\n\t\n\n\t\t<div class=\"fusion-rollover\">\n\t<div class=\"fusion-rollover-content\">\n\n\t\t\t\t\t\t\t\t\t\t\t\t\t\t<a class=\"fusion-rollover-link\" href=\"https:\/\/liceofrancestenerife.es\/fr\/fevrier-et-mars-ms-gs-c\/\">F\u00e9vrier et Mars MS\/GS C<\/a>\n\t\t\t\n\t\t\t\t\t\t\t\t\t\t\t\t\t\t\n\t\t\t\t\t\t\t\t\n\t\t\t\t\t\t\t\t\t\t\t\t\t<div class=\"fusion-rollover-sep\"><\/div>\n\t\t\t\t\n\t\t\t\t\t\t\t\t\t\t\t\t\t\t\t\t\t\t<a class=\"fusion-rollover-gallery\" href=\"https:\/\/liceofrancestenerife.es\/nuevaweb\/wp-content\/uploads\/2018\/04\/IMG_20180323_093511.jpg\" data-id=\"21962\" data-rel=\"iLightbox[gallery]\" data-title=\"IMG_20180323_093511\" data-caption=\"\">\n\t\t\t\t\t\tGallery\t\t\t\t\t<\/a>\n\t\t\t\t\t\t\t\t\t\t\t\t\t\t\n\t\t\n\t\t\t\t\t\t\t\t\t\t\t\t<h4 class=\"fusion-rollover-title\">\n\t\t\t\t\t<a class=\"fusion-rollover-title-link\" href=\"https:\/\/liceofrancestenerife.es\/fr\/fevrier-et-mars-ms-gs-c\/\">\n\t\t\t\t\t\tF\u00e9vrier et Mars MS\/GS C\t\t\t\t\t<\/a>\n\t\t\t\t<\/h4>\n\t\t\t\n\t\t\t\t\t\t\t\t\t\t<div class=\"fusion-rollover-categories\"><a href=\"https:\/\/liceofrancestenerife.es\/fr\/category\/maternelle\/\" rel=\"tag\">Maternelle<\/a>, <a href=\"https:\/\/liceofrancestenerife.es\/fr\/category\/maternelle\/msgs-c-fr\/\" rel=\"tag\">MS\/GS C<\/a>, <a href=\"https:\/\/liceofrancestenerife.es\/fr\/category\/non-classifiee\/\" rel=\"tag\">Non classifi\u00e9(e)<\/a>, <a href=\"https:\/\/liceofrancestenerife.es\/fr\/category\/prive\/\" rel=\"tag\">priv\u00e9<\/a><\/div>\t\t\t\t\t\n\t\t\n\t\t\t\t\t\t<a class=\"fusion-link-wrapper\" href=\"https:\/\/liceofrancestenerife.es\/fr\/fevrier-et-mars-ms-gs-c\/\" aria-label=\"F\u00e9vrier et Mars MS\/GS C\"><\/a>\n\t<\/div>\n<\/div>\n\n\t\n<\/div>\n<\/li>\n\t\t\t\n\t\t\t\n\t\t\t\t\t\t\t\t\t\t\t\t\t\t\t\t\t\t\t\t\t\t\t\t\t\t\t\t\t\t\t\t\t\t\t\t\t\t\t\t\t\t\t\t\t\t\t\t\t\t\t\t\t\t\t\t\t\t\t\t\t\t\t\t\t\t\t\t<\/ul>\n\t<\/div>\n\t<div class=\"fusion-post-content-wrapper\" style=\"padding:30px 25px 20px 25px;\"><div class=\"fusion-post-content post-content\"><div class=\"fusion-timeline-circle\" style=\"background-color:#ebeaea;\"><\/div><div class=\"fusion-timeline-arrow\" style=\"color:#ebeaea;\"><\/div><h2 class=\"blog-shortcode-post-title entry-title\"><a href=\"https:\/\/liceofrancestenerife.es\/fr\/fevrier-et-mars-ms-gs-c\/\">F\u00e9vrier et Mars MS\/GS C<\/a><\/h2><p class=\"fusion-single-line-meta\">By <span class=\"vcard\"><span class=\"fn\"><a href=\"https:\/\/liceofrancestenerife.es\/fr\/author\/valeriandesmurs\/\" title=\"Articles par ValerianDesmurs\" rel=\"author\">ValerianDesmurs<\/a><\/span><\/span><span class=\"fusion-inline-sep\">|<\/span><span class=\"updated\" style=\"display:none;\">2018-04-04T17:38:41+01:00<\/span><span>Avr 4, 2018<\/span><span class=\"fusion-inline-sep\">|<\/span>Categories: <a href=\"https:\/\/liceofrancestenerife.es\/fr\/category\/maternelle\/\" rel=\"category tag\">Maternelle<\/a>, <a href=\"https:\/\/liceofrancestenerife.es\/fr\/category\/maternelle\/msgs-c-fr\/\" rel=\"category tag\">MS\/GS C<\/a>, <a href=\"https:\/\/liceofrancestenerife.es\/fr\/category\/non-classifiee\/\" rel=\"category tag\">Non classifi\u00e9(e)<\/a>, <a href=\"https:\/\/liceofrancestenerife.es\/fr\/category\/prive\/\" rel=\"category tag\">priv\u00e9<\/a><span class=\"fusion-inline-sep\">|<\/span><\/p><div class=\"fusion-content-sep sep-double sep-solid\" style=\"border-color:#ebeaea;\"><\/div><div class=\"fusion-post-content-container\"><p>Les mois de F\u00e9vrier et Mars Les th\u00e8mes de ces mois sont: Le corps humain et les \u00e9motions En langage:   En graphismo:   En math\u00e9matiques:   Au potager:   \u00a0Chansons [...]<\/p><\/div><\/div><div class=\"fusion-meta-info\"><div class=\"fusion-alignleft\"><a class=\"fusion-read-more\" href=\"https:\/\/liceofrancestenerife.es\/fr\/fevrier-et-mars-ms-gs-c\/\" aria-label=\"More on F\u00e9vrier et Mars MS\/GS C\">Read More<\/a><\/div><div class=\"fusion-alignright\"><span>Commentaires ferm\u00e9s<span class=\"screen-reader-text\"> sur F\u00e9vrier et Mars MS\/GS C<\/span><\/span><\/div><\/div><\/div><div class=\"fusion-clearfix\"><\/div><\/div>\n<\/article>\n<\/div><h3 class=\"fusion-timeline-date\" style=\"background-color:#ebeaea;\">janvier 2018<\/h3><div class=\"fusion-collapse-month\"><article id=\"blog-1-post-20058\" style=\"border-color:#ebeaea;\" class=\"fusion-post-timeline fusion-clearfix fusion-left-column post-20058 post type-post status-publish format-standard has-post-thumbnail hentry category-msgs-c-fr category-non-classifiee category-prive category-stade-resumes-maternalle tag-maternelle tag-ms-gs-c\">\n<div class=\"fusion-post-wrapper\" style=\"background-color:rgba(255,255,255,0);\">\n\n\t\t\t<div class=\"fusion-flexslider flexslider fusion-flexslider-loading fusion-post-slideshow\" style=\"border-color:#ebeaea;\">\n\t\t<ul class=\"slides\">\n\t\t\t\n\t\t\t\t\t\t\t\t\t\t\t\t\t\t<li>\n\n<div  class=\"fusion-image-wrapper\" aria-haspopup=\"true\">\n\t\n\t\n\t\n\t\t\n\t\t\t\t\t<img decoding=\"async\" width=\"4160\" height=\"2336\" src=\"https:\/\/liceofrancestenerife.es\/nuevaweb\/wp-content\/uploads\/2018\/01\/IMG_20171220_104218.jpg\" class=\"attachment-full size-full lazyload wp-post-image\" alt=\"\" srcset=\"data:image\/svg+xml,%3Csvg%20xmlns%3D%27http%3A%2F%2Fwww.w3.org%2F2000%2Fsvg%27%20width%3D%274160%27%20height%3D%272336%27%20viewBox%3D%270%200%204160%202336%27%3E%3Crect%20width%3D%274160%27%20height%3D%272336%27%20fill-opacity%3D%220%22%2F%3E%3C%2Fsvg%3E\" data-orig-src=\"https:\/\/liceofrancestenerife.es\/nuevaweb\/wp-content\/uploads\/2018\/01\/IMG_20171220_104218.jpg\" data-srcset=\"https:\/\/liceofrancestenerife.es\/nuevaweb\/wp-content\/uploads\/2018\/01\/IMG_20171220_104218-200x112.jpg 200w, https:\/\/liceofrancestenerife.es\/nuevaweb\/wp-content\/uploads\/2018\/01\/IMG_20171220_104218-400x225.jpg 400w, https:\/\/liceofrancestenerife.es\/nuevaweb\/wp-content\/uploads\/2018\/01\/IMG_20171220_104218-600x337.jpg 600w, https:\/\/liceofrancestenerife.es\/nuevaweb\/wp-content\/uploads\/2018\/01\/IMG_20171220_104218-800x449.jpg 800w, https:\/\/liceofrancestenerife.es\/nuevaweb\/wp-content\/uploads\/2018\/01\/IMG_20171220_104218-1200x674.jpg 1200w, https:\/\/liceofrancestenerife.es\/nuevaweb\/wp-content\/uploads\/2018\/01\/IMG_20171220_104218.jpg 4160w\" data-sizes=\"auto\" \/>\n\t\n\n\t\t<div class=\"fusion-rollover\">\n\t<div class=\"fusion-rollover-content\">\n\n\t\t\t\t\t\t\t\t\t\t\t\t\t\t<a class=\"fusion-rollover-link\" href=\"https:\/\/liceofrancestenerife.es\/fr\/novembre-et-decembre-ms-gs-c\/\">Novembre et D\u00e9cembre MS\/GS C<\/a>\n\t\t\t\n\t\t\t\t\t\t\t\t\t\t\t\t\t\t\n\t\t\t\t\t\t\t\t\n\t\t\t\t\t\t\t\t\t\t\t\t\t<div class=\"fusion-rollover-sep\"><\/div>\n\t\t\t\t\n\t\t\t\t\t\t\t\t\t\t\t\t\t\t\t\t\t\t<a class=\"fusion-rollover-gallery\" href=\"https:\/\/liceofrancestenerife.es\/nuevaweb\/wp-content\/uploads\/2018\/01\/IMG_20171220_104218.jpg\" data-id=\"20058\" data-rel=\"iLightbox[gallery]\" data-title=\"IMG_20171220_104218\" data-caption=\"\">\n\t\t\t\t\t\tGallery\t\t\t\t\t<\/a>\n\t\t\t\t\t\t\t\t\t\t\t\t\t\t\n\t\t\n\t\t\t\t\t\t\t\t\t\t\t\t<h4 class=\"fusion-rollover-title\">\n\t\t\t\t\t<a class=\"fusion-rollover-title-link\" href=\"https:\/\/liceofrancestenerife.es\/fr\/novembre-et-decembre-ms-gs-c\/\">\n\t\t\t\t\t\tNovembre et D\u00e9cembre MS\/GS C\t\t\t\t\t<\/a>\n\t\t\t\t<\/h4>\n\t\t\t\n\t\t\t\t\t\t\t\t\t\t<div class=\"fusion-rollover-categories\"><a href=\"https:\/\/liceofrancestenerife.es\/fr\/category\/maternelle\/msgs-c-fr\/\" rel=\"tag\">MS\/GS C<\/a>, <a href=\"https:\/\/liceofrancestenerife.es\/fr\/category\/non-classifiee\/\" rel=\"tag\">Non classifi\u00e9(e)<\/a>, <a href=\"https:\/\/liceofrancestenerife.es\/fr\/category\/prive\/\" rel=\"tag\">priv\u00e9<\/a>, <a href=\"https:\/\/liceofrancestenerife.es\/fr\/category\/stade-resumes-maternalle\/\" rel=\"tag\">Stade R\u00e9sum\u00e9s Maternalle<\/a><\/div>\t\t\t\t\t\n\t\t\n\t\t\t\t\t\t<a class=\"fusion-link-wrapper\" href=\"https:\/\/liceofrancestenerife.es\/fr\/novembre-et-decembre-ms-gs-c\/\" aria-label=\"Novembre et D\u00e9cembre MS\/GS C\"><\/a>\n\t<\/div>\n<\/div>\n\n\t\n<\/div>\n<\/li>\n\t\t\t\n\t\t\t\n\t\t\t\t\t\t\t\t\t\t\t\t\t\t\t\t\t\t\t\t\t\t\t\t\t\t\t\t\t\t\t\t\t\t\t\t\t\t\t\t\t\t\t\t\t\t\t\t\t\t\t\t\t\t\t\t\t\t\t\t\t\t\t\t\t\t\t\t<\/ul>\n\t<\/div>\n\t<div class=\"fusion-post-content-wrapper\" style=\"padding:30px 25px 20px 25px;\"><div class=\"fusion-post-content post-content\"><div class=\"fusion-timeline-circle\" style=\"background-color:#ebeaea;\"><\/div><div class=\"fusion-timeline-arrow\" style=\"color:#ebeaea;\"><\/div><h2 class=\"blog-shortcode-post-title entry-title\"><a href=\"https:\/\/liceofrancestenerife.es\/fr\/novembre-et-decembre-ms-gs-c\/\">Novembre et D\u00e9cembre MS\/GS C<\/a><\/h2><p class=\"fusion-single-line-meta\">By <span class=\"vcard\"><span class=\"fn\"><a href=\"https:\/\/liceofrancestenerife.es\/fr\/author\/valeriandesmurs\/\" title=\"Articles par ValerianDesmurs\" rel=\"author\">ValerianDesmurs<\/a><\/span><\/span><span class=\"fusion-inline-sep\">|<\/span><span class=\"updated\" style=\"display:none;\">2018-01-13T07:37:31+00:00<\/span><span>Jan 13, 2018<\/span><span class=\"fusion-inline-sep\">|<\/span>Categories: <a href=\"https:\/\/liceofrancestenerife.es\/fr\/category\/maternelle\/msgs-c-fr\/\" rel=\"category tag\">MS\/GS C<\/a>, <a href=\"https:\/\/liceofrancestenerife.es\/fr\/category\/non-classifiee\/\" rel=\"category tag\">Non classifi\u00e9(e)<\/a>, <a href=\"https:\/\/liceofrancestenerife.es\/fr\/category\/prive\/\" rel=\"category tag\">priv\u00e9<\/a>, <a href=\"https:\/\/liceofrancestenerife.es\/fr\/category\/stade-resumes-maternalle\/\" rel=\"category tag\">Stade R\u00e9sum\u00e9s Maternalle<\/a><span class=\"fusion-inline-sep\">|<\/span><span class=\"meta-tags\">Tags: <a href=\"https:\/\/liceofrancestenerife.es\/tag\/maternelle\/\" rel=\"tag\">maternelle<\/a>, <a href=\"https:\/\/liceofrancestenerife.es\/fr\/tag\/ms-gs-c\/\" rel=\"tag\">MS\/GS C<\/a><\/span><span class=\"fusion-inline-sep\">|<\/span><\/p><div class=\"fusion-content-sep sep-double sep-solid\" style=\"border-color:#ebeaea;\"><\/div><div class=\"fusion-post-content-container\"><p>Les mois de Novembre et D\u00e9cembre Les th\u00e8mes de ce mois sont: No\u00ebl et les animaux polaires En langage: Nous avons \u00e9crit des mots. Nous avons jou\u00e9 avec les syllabes et nous avons \u00e9crit une [...]<\/p><\/div><\/div><div class=\"fusion-meta-info\"><div class=\"fusion-alignleft\"><a class=\"fusion-read-more\" href=\"https:\/\/liceofrancestenerife.es\/fr\/novembre-et-decembre-ms-gs-c\/\" aria-label=\"More on Novembre et D\u00e9cembre MS\/GS C\">Read More<\/a><\/div><div class=\"fusion-alignright\"><span>Commentaires ferm\u00e9s<span class=\"screen-reader-text\"> sur Novembre et D\u00e9cembre MS\/GS C<\/span><\/span><\/div><\/div><\/div><div class=\"fusion-clearfix\"><\/div><\/div>\n<\/article>\n<\/div><h3 class=\"fusion-timeline-date\" style=\"background-color:#ebeaea;\">octobre 2017<\/h3><div class=\"fusion-collapse-month\"><article id=\"blog-1-post-19233\" style=\"border-color:#ebeaea;\" class=\"fusion-post-timeline fusion-clearfix fusion-right-column post-19233 post type-post status-publish format-standard has-post-thumbnail hentry category-maternelle category-msgs-c-fr\">\n<div class=\"fusion-post-wrapper\" style=\"background-color:rgba(255,255,255,0);\">\n\n\t\t\t<div class=\"fusion-flexslider flexslider fusion-flexslider-loading fusion-post-slideshow\" style=\"border-color:#ebeaea;\">\n\t\t<ul class=\"slides\">\n\t\t\t\n\t\t\t\t\t\t\t\t\t\t\t\t\t\t<li>\n\n<div  class=\"fusion-image-wrapper\" aria-haspopup=\"true\">\n\t\n\t\n\t\n\t\t\n\t\t\t\t\t<img decoding=\"async\" width=\"2336\" height=\"4160\" src=\"https:\/\/liceofrancestenerife.es\/nuevaweb\/wp-content\/uploads\/2017\/10\/IMG_20171026_121846.jpg\" class=\"attachment-full size-full lazyload wp-post-image\" alt=\"\" srcset=\"data:image\/svg+xml,%3Csvg%20xmlns%3D%27http%3A%2F%2Fwww.w3.org%2F2000%2Fsvg%27%20width%3D%272336%27%20height%3D%274160%27%20viewBox%3D%270%200%202336%204160%27%3E%3Crect%20width%3D%272336%27%20height%3D%274160%27%20fill-opacity%3D%220%22%2F%3E%3C%2Fsvg%3E\" data-orig-src=\"https:\/\/liceofrancestenerife.es\/nuevaweb\/wp-content\/uploads\/2017\/10\/IMG_20171026_121846.jpg\" data-srcset=\"https:\/\/liceofrancestenerife.es\/nuevaweb\/wp-content\/uploads\/2017\/10\/IMG_20171026_121846-200x356.jpg 200w, https:\/\/liceofrancestenerife.es\/nuevaweb\/wp-content\/uploads\/2017\/10\/IMG_20171026_121846-400x712.jpg 400w, https:\/\/liceofrancestenerife.es\/nuevaweb\/wp-content\/uploads\/2017\/10\/IMG_20171026_121846-600x1068.jpg 600w, https:\/\/liceofrancestenerife.es\/nuevaweb\/wp-content\/uploads\/2017\/10\/IMG_20171026_121846-800x1425.jpg 800w, https:\/\/liceofrancestenerife.es\/nuevaweb\/wp-content\/uploads\/2017\/10\/IMG_20171026_121846-1200x2137.jpg 1200w, https:\/\/liceofrancestenerife.es\/nuevaweb\/wp-content\/uploads\/2017\/10\/IMG_20171026_121846.jpg 2336w\" data-sizes=\"auto\" \/>\n\t\n\n\t\t<div class=\"fusion-rollover\">\n\t<div class=\"fusion-rollover-content\">\n\n\t\t\t\t\t\t\t\t\t\t\t\t\t\t<a class=\"fusion-rollover-link\" href=\"https:\/\/liceofrancestenerife.es\/fr\/octobre-msgs-c\/\">Octobre MS\/GS C<\/a>\n\t\t\t\n\t\t\t\t\t\t\t\t\t\t\t\t\t\t\n\t\t\t\t\t\t\t\t\n\t\t\t\t\t\t\t\t\t\t\t\t\t<div class=\"fusion-rollover-sep\"><\/div>\n\t\t\t\t\n\t\t\t\t\t\t\t\t\t\t\t\t\t\t\t\t\t\t<a class=\"fusion-rollover-gallery\" href=\"https:\/\/liceofrancestenerife.es\/nuevaweb\/wp-content\/uploads\/2017\/10\/IMG_20171026_121846.jpg\" data-id=\"19233\" data-rel=\"iLightbox[gallery]\" data-title=\"IMG_20171026_121846\" data-caption=\"\">\n\t\t\t\t\t\tGallery\t\t\t\t\t<\/a>\n\t\t\t\t\t\t\t\t\t\t\t\t\t\t\n\t\t\n\t\t\t\t\t\t\t\t\t\t\t\t<h4 class=\"fusion-rollover-title\">\n\t\t\t\t\t<a class=\"fusion-rollover-title-link\" href=\"https:\/\/liceofrancestenerife.es\/fr\/octobre-msgs-c\/\">\n\t\t\t\t\t\tOctobre MS\/GS C\t\t\t\t\t<\/a>\n\t\t\t\t<\/h4>\n\t\t\t\n\t\t\t\t\t\t\t\t\t\t<div class=\"fusion-rollover-categories\"><a href=\"https:\/\/liceofrancestenerife.es\/fr\/category\/maternelle\/\" rel=\"tag\">Maternelle<\/a>, <a href=\"https:\/\/liceofrancestenerife.es\/fr\/category\/maternelle\/msgs-c-fr\/\" rel=\"tag\">MS\/GS C<\/a><\/div>\t\t\t\t\t\n\t\t\n\t\t\t\t\t\t<a class=\"fusion-link-wrapper\" href=\"https:\/\/liceofrancestenerife.es\/fr\/octobre-msgs-c\/\" aria-label=\"Octobre MS\/GS C\"><\/a>\n\t<\/div>\n<\/div>\n\n\t\n<\/div>\n<\/li>\n\t\t\t\n\t\t\t\n\t\t\t\t\t\t\t\t\t\t\t\t\t\t\t\t\t\t\t\t\t\t\t\t\t\t\t\t\t\t\t\t\t\t\t\t\t\t\t\t\t\t\t\t\t\t\t\t\t\t\t\t\t\t\t\t\t\t\t\t\t\t\t\t\t\t\t\t<\/ul>\n\t<\/div>\n\t<div class=\"fusion-post-content-wrapper\" style=\"padding:30px 25px 20px 25px;\"><div class=\"fusion-post-content post-content\"><div class=\"fusion-timeline-circle\" style=\"background-color:#ebeaea;\"><\/div><div class=\"fusion-timeline-arrow\" style=\"color:#ebeaea;\"><\/div><h2 class=\"blog-shortcode-post-title entry-title\"><a href=\"https:\/\/liceofrancestenerife.es\/fr\/octobre-msgs-c\/\">Octobre MS\/GS C<\/a><\/h2><p class=\"fusion-single-line-meta\">By <span class=\"vcard\"><span class=\"fn\"><a href=\"https:\/\/liceofrancestenerife.es\/fr\/author\/valeriandesmurs\/\" title=\"Articles par ValerianDesmurs\" rel=\"author\">ValerianDesmurs<\/a><\/span><\/span><span class=\"fusion-inline-sep\">|<\/span><span class=\"updated\" style=\"display:none;\">2018-01-13T12:12:41+00:00<\/span><span>Oct 31, 2017<\/span><span class=\"fusion-inline-sep\">|<\/span>Categories: <a href=\"https:\/\/liceofrancestenerife.es\/fr\/category\/maternelle\/\" rel=\"category tag\">Maternelle<\/a>, <a href=\"https:\/\/liceofrancestenerife.es\/fr\/category\/maternelle\/msgs-c-fr\/\" rel=\"category tag\">MS\/GS C<\/a><span class=\"fusion-inline-sep\">|<\/span><\/p><div class=\"fusion-content-sep sep-double sep-solid\" style=\"border-color:#ebeaea;\"><\/div><div class=\"fusion-post-content-container\"><p>Le mois d'octobre Les th\u00e8mes de ce mois sont: Halloween   En langage: Nous avons continuez \u00e0 travailler sur nos pr\u00e9noms et nous avons d\u00e9couvert les lettres \"minuscules\".   En graphisme: Nous avons [...]<\/p><\/div><\/div><div class=\"fusion-meta-info\"><div class=\"fusion-alignleft\"><a class=\"fusion-read-more\" href=\"https:\/\/liceofrancestenerife.es\/fr\/octobre-msgs-c\/\" aria-label=\"More on Octobre MS\/GS C\">Read More<\/a><\/div><div class=\"fusion-alignright\"><span>Commentaires ferm\u00e9s<span class=\"screen-reader-text\"> sur Octobre MS\/GS C<\/span><\/span><\/div><\/div><\/div><div class=\"fusion-clearfix\"><\/div><\/div>\n<\/article>\n<article id=\"blog-1-post-18612\" style=\"border-color:#ebeaea;\" class=\"fusion-post-timeline fusion-clearfix fusion-left-column post-18612 post type-post status-publish format-standard has-post-thumbnail hentry category-maternelle category-msgs-c-fr\">\n<div class=\"fusion-post-wrapper\" style=\"background-color:rgba(255,255,255,0);\">\n\n\t\t\t<div class=\"fusion-flexslider flexslider fusion-flexslider-loading fusion-post-slideshow\" style=\"border-color:#ebeaea;\">\n\t\t<ul class=\"slides\">\n\t\t\t\n\t\t\t\t\t\t\t\t\t\t\t\t\t\t<li>\n\n<div  class=\"fusion-image-wrapper\" aria-haspopup=\"true\">\n\t\n\t\n\t\n\t\t\n\t\t\t\t\t<img decoding=\"async\" width=\"1500\" height=\"842\" src=\"https:\/\/liceofrancestenerife.es\/nuevaweb\/wp-content\/uploads\/2017\/10\/IMG_20170919_090246.jpg\" class=\"attachment-full size-full lazyload wp-post-image\" alt=\"\" srcset=\"data:image\/svg+xml,%3Csvg%20xmlns%3D%27http%3A%2F%2Fwww.w3.org%2F2000%2Fsvg%27%20width%3D%271500%27%20height%3D%27842%27%20viewBox%3D%270%200%201500%20842%27%3E%3Crect%20width%3D%271500%27%20height%3D%27842%27%20fill-opacity%3D%220%22%2F%3E%3C%2Fsvg%3E\" data-orig-src=\"https:\/\/liceofrancestenerife.es\/nuevaweb\/wp-content\/uploads\/2017\/10\/IMG_20170919_090246.jpg\" data-srcset=\"https:\/\/liceofrancestenerife.es\/nuevaweb\/wp-content\/uploads\/2017\/10\/IMG_20170919_090246-200x112.jpg 200w, https:\/\/liceofrancestenerife.es\/nuevaweb\/wp-content\/uploads\/2017\/10\/IMG_20170919_090246-400x225.jpg 400w, https:\/\/liceofrancestenerife.es\/nuevaweb\/wp-content\/uploads\/2017\/10\/IMG_20170919_090246-600x337.jpg 600w, https:\/\/liceofrancestenerife.es\/nuevaweb\/wp-content\/uploads\/2017\/10\/IMG_20170919_090246-800x449.jpg 800w, https:\/\/liceofrancestenerife.es\/nuevaweb\/wp-content\/uploads\/2017\/10\/IMG_20170919_090246-1200x674.jpg 1200w, https:\/\/liceofrancestenerife.es\/nuevaweb\/wp-content\/uploads\/2017\/10\/IMG_20170919_090246.jpg 1500w\" data-sizes=\"auto\" \/>\n\t\n\n\t\t<div class=\"fusion-rollover\">\n\t<div class=\"fusion-rollover-content\">\n\n\t\t\t\t\t\t\t\t\t\t\t\t\t\t<a class=\"fusion-rollover-link\" href=\"https:\/\/liceofrancestenerife.es\/fr\/septembre-msgs-c\/\">Septembre MS\/GS C<\/a>\n\t\t\t\n\t\t\t\t\t\t\t\t\t\t\t\t\t\t\n\t\t\t\t\t\t\t\t\n\t\t\t\t\t\t\t\t\t\t\t\t\t<div class=\"fusion-rollover-sep\"><\/div>\n\t\t\t\t\n\t\t\t\t\t\t\t\t\t\t\t\t\t\t\t\t\t\t<a class=\"fusion-rollover-gallery\" href=\"https:\/\/liceofrancestenerife.es\/nuevaweb\/wp-content\/uploads\/2017\/10\/IMG_20170919_090246.jpg\" data-id=\"18612\" data-rel=\"iLightbox[gallery]\" data-title=\"IMG_20170919_090246\" data-caption=\"\">\n\t\t\t\t\t\tGallery\t\t\t\t\t<\/a>\n\t\t\t\t\t\t\t\t\t\t\t\t\t\t\n\t\t\n\t\t\t\t\t\t\t\t\t\t\t\t<h4 class=\"fusion-rollover-title\">\n\t\t\t\t\t<a class=\"fusion-rollover-title-link\" href=\"https:\/\/liceofrancestenerife.es\/fr\/septembre-msgs-c\/\">\n\t\t\t\t\t\tSeptembre MS\/GS C\t\t\t\t\t<\/a>\n\t\t\t\t<\/h4>\n\t\t\t\n\t\t\t\t\t\t\t\t\t\t<div class=\"fusion-rollover-categories\"><a href=\"https:\/\/liceofrancestenerife.es\/fr\/category\/maternelle\/\" rel=\"tag\">Maternelle<\/a>, <a href=\"https:\/\/liceofrancestenerife.es\/fr\/category\/maternelle\/msgs-c-fr\/\" rel=\"tag\">MS\/GS C<\/a><\/div>\t\t\t\t\t\n\t\t\n\t\t\t\t\t\t<a class=\"fusion-link-wrapper\" href=\"https:\/\/liceofrancestenerife.es\/fr\/septembre-msgs-c\/\" aria-label=\"Septembre MS\/GS C\"><\/a>\n\t<\/div>\n<\/div>\n\n\t\n<\/div>\n<\/li>\n\t\t\t\n\t\t\t\n\t\t\t\t\t\t\t\t\t\t\t\n\t\t\t\t\t\n\t\t\t\t\t\t\t\t\t\t\t<li>\n\t\t\t\t\t\t\t<div class=\"fusion-image-wrapper\">\n\t\t\t\t\t\t\t\t<a href=\"https:\/\/liceofrancestenerife.es\/fr\/septembre-msgs-c\/\" aria-label=\"Septembre MS\/GS C\">\n\t\t\t\t\t\t\t\t\t<img decoding=\"async\" width=\"1500\" height=\"842\" src=\"https:\/\/liceofrancestenerife.es\/nuevaweb\/wp-content\/uploads\/2017\/10\/IMG_20170919_090246.jpg\" data-orig-src=\"https:\/\/liceofrancestenerife.es\/nuevaweb\/wp-content\/uploads\/2017\/10\/IMG_20170919_090246.jpg\" alt=\"\" class=\"lazyload wp-image-18613\" role=\"presentation\" srcset=\"data:image\/svg+xml,%3Csvg%20xmlns%3D%27http%3A%2F%2Fwww.w3.org%2F2000%2Fsvg%27%20width%3D%271500%27%20height%3D%27842%27%20viewBox%3D%270%200%201500%20842%27%3E%3Crect%20width%3D%271500%27%20height%3D%27842%27%20fill-opacity%3D%220%22%2F%3E%3C%2Fsvg%3E\" data-srcset=\"https:\/\/liceofrancestenerife.es\/nuevaweb\/wp-content\/uploads\/2017\/10\/IMG_20170919_090246-200x112.jpg 200w, https:\/\/liceofrancestenerife.es\/nuevaweb\/wp-content\/uploads\/2017\/10\/IMG_20170919_090246-400x225.jpg 400w, https:\/\/liceofrancestenerife.es\/nuevaweb\/wp-content\/uploads\/2017\/10\/IMG_20170919_090246-600x337.jpg 600w, https:\/\/liceofrancestenerife.es\/nuevaweb\/wp-content\/uploads\/2017\/10\/IMG_20170919_090246-800x449.jpg 800w, https:\/\/liceofrancestenerife.es\/nuevaweb\/wp-content\/uploads\/2017\/10\/IMG_20170919_090246-1200x674.jpg 1200w, https:\/\/liceofrancestenerife.es\/nuevaweb\/wp-content\/uploads\/2017\/10\/IMG_20170919_090246.jpg 1500w\" data-sizes=\"auto\" data-orig-sizes=\"(max-width: 800px) 100vw, 40vw\" \/>\t\t\t\t\t\t\t\t<\/a>\n\t\t\t\t\t\t\t\t<a style=\"display:none;\" href=\"https:\/\/liceofrancestenerife.es\/nuevaweb\/wp-content\/uploads\/2017\/10\/IMG_20170919_090246.jpg\" data-rel=\"iLightbox[gallery18612]\"  title=\"\" data-title=\"IMG_20170919_090246\" data-caption=\"\">\n\t\t\t\t\t\t\t\t\t\t\t\t\t\t\t\t\t<\/a>\n\t\t\t\t\t\t\t<\/div>\n\t\t\t\t\t\t<\/li>\n\t\t\t\t\t\t\t\t\t\t\t\t\t\t\t\t\t\t\t\t\t\t\t\t\t\t\t\t\t\t\t\t\t\t\t\t\t\t\t\t\t\t\t\t\t\t\t\t\t\t\t\t\t\t\t\t\t\t\t\t\t\t\t\t\t\t<\/ul>\n\t<\/div>\n\t<div class=\"fusion-post-content-wrapper\" style=\"padding:30px 25px 20px 25px;\"><div class=\"fusion-post-content post-content\"><div class=\"fusion-timeline-circle\" style=\"background-color:#ebeaea;\"><\/div><div class=\"fusion-timeline-arrow\" style=\"color:#ebeaea;\"><\/div><h2 class=\"blog-shortcode-post-title entry-title\"><a href=\"https:\/\/liceofrancestenerife.es\/fr\/septembre-msgs-c\/\">Septembre MS\/GS C<\/a><\/h2><p class=\"fusion-single-line-meta\">By <span class=\"vcard\"><span class=\"fn\"><a href=\"https:\/\/liceofrancestenerife.es\/fr\/author\/valeriandesmurs\/\" title=\"Articles par ValerianDesmurs\" rel=\"author\">ValerianDesmurs<\/a><\/span><\/span><span class=\"fusion-inline-sep\">|<\/span><span class=\"updated\" style=\"display:none;\">2017-10-01T11:11:50+01:00<\/span><span>Oct 1, 2017<\/span><span class=\"fusion-inline-sep\">|<\/span>Categories: <a href=\"https:\/\/liceofrancestenerife.es\/fr\/category\/maternelle\/\" rel=\"category tag\">Maternelle<\/a>, <a href=\"https:\/\/liceofrancestenerife.es\/fr\/category\/maternelle\/msgs-c-fr\/\" rel=\"category tag\">MS\/GS C<\/a><span class=\"fusion-inline-sep\">|<\/span><\/p><div class=\"fusion-content-sep sep-double sep-solid\" style=\"border-color:#ebeaea;\"><\/div><div class=\"fusion-post-content-container\"><p>Le mois de Septembre Les th\u00e8mes de ce mois sont: La rentr\u00e9e des classes   Les \u00e9motions   En langage: Nous avons travaill\u00e9 sur les lettres de nos pr\u00e9noms.   En graphisme: [...]<\/p><\/div><\/div><div class=\"fusion-meta-info\"><div class=\"fusion-alignleft\"><a class=\"fusion-read-more\" href=\"https:\/\/liceofrancestenerife.es\/fr\/septembre-msgs-c\/\" aria-label=\"More on Septembre MS\/GS C\">Read More<\/a><\/div><div class=\"fusion-alignright\"><span>Commentaires ferm\u00e9s<span class=\"screen-reader-text\"> sur Septembre MS\/GS C<\/span><\/span><\/div><\/div><\/div><div class=\"fusion-clearfix\"><\/div><\/div>\n<\/article>\n<\/div><h3 class=\"fusion-timeline-date\" style=\"background-color:#ebeaea;\">avril 2017<\/h3><div class=\"fusion-collapse-month\"><article id=\"blog-1-post-16625\" style=\"border-color:#ebeaea;\" class=\"fusion-post-timeline fusion-clearfix fusion-right-column post-16625 post type-post status-publish format-standard has-post-thumbnail hentry category-maternelle category-msgs-c-fr category-prive category-stade-resumes-maternalle\">\n<div class=\"fusion-post-wrapper\" style=\"background-color:rgba(255,255,255,0);\">\n\n\t\t\t<div class=\"fusion-flexslider flexslider fusion-flexslider-loading fusion-post-slideshow\" style=\"border-color:#ebeaea;\">\n\t\t<ul class=\"slides\">\n\t\t\t\n\t\t\t\t\t\t\t\t\t\t\t\t\t\t<li>\n\n<div  class=\"fusion-image-wrapper\" aria-haspopup=\"true\">\n\t\n\t\n\t\n\t\t\n\t\t\t\t\t<img decoding=\"async\" width=\"4160\" height=\"2336\" src=\"https:\/\/liceofrancestenerife.es\/nuevaweb\/wp-content\/uploads\/2017\/04\/IMG_20170404_131127-1.jpg\" class=\"attachment-full size-full lazyload wp-post-image\" alt=\"\" srcset=\"data:image\/svg+xml,%3Csvg%20xmlns%3D%27http%3A%2F%2Fwww.w3.org%2F2000%2Fsvg%27%20width%3D%274160%27%20height%3D%272336%27%20viewBox%3D%270%200%204160%202336%27%3E%3Crect%20width%3D%274160%27%20height%3D%272336%27%20fill-opacity%3D%220%22%2F%3E%3C%2Fsvg%3E\" data-orig-src=\"https:\/\/liceofrancestenerife.es\/nuevaweb\/wp-content\/uploads\/2017\/04\/IMG_20170404_131127-1.jpg\" data-srcset=\"https:\/\/liceofrancestenerife.es\/nuevaweb\/wp-content\/uploads\/2017\/04\/IMG_20170404_131127-1-200x112.jpg 200w, https:\/\/liceofrancestenerife.es\/nuevaweb\/wp-content\/uploads\/2017\/04\/IMG_20170404_131127-1-400x225.jpg 400w, https:\/\/liceofrancestenerife.es\/nuevaweb\/wp-content\/uploads\/2017\/04\/IMG_20170404_131127-1-600x337.jpg 600w, https:\/\/liceofrancestenerife.es\/nuevaweb\/wp-content\/uploads\/2017\/04\/IMG_20170404_131127-1-800x449.jpg 800w, https:\/\/liceofrancestenerife.es\/nuevaweb\/wp-content\/uploads\/2017\/04\/IMG_20170404_131127-1-1200x674.jpg 1200w, https:\/\/liceofrancestenerife.es\/nuevaweb\/wp-content\/uploads\/2017\/04\/IMG_20170404_131127-1.jpg 4160w\" data-sizes=\"auto\" \/>\n\t\n\n\t\t<div class=\"fusion-rollover\">\n\t<div class=\"fusion-rollover-content\">\n\n\t\t\t\t\t\t\t\t\t\t\t\t\t\t<a class=\"fusion-rollover-link\" href=\"https:\/\/liceofrancestenerife.es\/fr\/mois-mars-des-mgs-c-2017\/\">Mois de Mars des MGS C 2017<\/a>\n\t\t\t\n\t\t\t\t\t\t\t\t\t\t\t\t\t\t\n\t\t\t\t\t\t\t\t\n\t\t\t\t\t\t\t\t\t\t\t\t\t<div class=\"fusion-rollover-sep\"><\/div>\n\t\t\t\t\n\t\t\t\t\t\t\t\t\t\t\t\t\t\t\t\t\t\t<a class=\"fusion-rollover-gallery\" href=\"https:\/\/liceofrancestenerife.es\/nuevaweb\/wp-content\/uploads\/2017\/04\/IMG_20170404_131127-1.jpg\" data-id=\"16625\" data-rel=\"iLightbox[gallery]\" data-title=\"IMG_20170404_131127\" data-caption=\"\">\n\t\t\t\t\t\tGallery\t\t\t\t\t<\/a>\n\t\t\t\t\t\t\t\t\t\t\t\t\t\t\n\t\t\n\t\t\t\t\t\t\t\t\t\t\t\t<h4 class=\"fusion-rollover-title\">\n\t\t\t\t\t<a class=\"fusion-rollover-title-link\" href=\"https:\/\/liceofrancestenerife.es\/fr\/mois-mars-des-mgs-c-2017\/\">\n\t\t\t\t\t\tMois de Mars des MGS C 2017\t\t\t\t\t<\/a>\n\t\t\t\t<\/h4>\n\t\t\t\n\t\t\t\t\t\t\t\t\t\t<div class=\"fusion-rollover-categories\"><a href=\"https:\/\/liceofrancestenerife.es\/fr\/category\/maternelle\/\" rel=\"tag\">Maternelle<\/a>, <a href=\"https:\/\/liceofrancestenerife.es\/fr\/category\/maternelle\/msgs-c-fr\/\" rel=\"tag\">MS\/GS C<\/a>, <a href=\"https:\/\/liceofrancestenerife.es\/fr\/category\/prive\/\" rel=\"tag\">priv\u00e9<\/a>, <a href=\"https:\/\/liceofrancestenerife.es\/fr\/category\/stade-resumes-maternalle\/\" rel=\"tag\">Stade R\u00e9sum\u00e9s Maternalle<\/a><\/div>\t\t\t\t\t\n\t\t\n\t\t\t\t\t\t<a class=\"fusion-link-wrapper\" href=\"https:\/\/liceofrancestenerife.es\/fr\/mois-mars-des-mgs-c-2017\/\" aria-label=\"Mois de Mars des MGS C 2017\"><\/a>\n\t<\/div>\n<\/div>\n\n\t\n<\/div>\n<\/li>\n\t\t\t\n\t\t\t\n\t\t\t\t\t\t\t\t\t\t\t\t\t\t\t\t\t\t\t\t\t\t\t\t\t\t\t\t\t\t\t\t\t\t\t\t\t\t\t\t\t\t\t\t\t\t\t\t\t\t\t\t\t\t\t\t\t\t\t\t\t\t\t\t\t\t\t\t<\/ul>\n\t<\/div>\n\t<div class=\"fusion-post-content-wrapper\" style=\"padding:30px 25px 20px 25px;\"><div class=\"fusion-post-content post-content\"><div class=\"fusion-timeline-circle\" style=\"background-color:#ebeaea;\"><\/div><div class=\"fusion-timeline-arrow\" style=\"color:#ebeaea;\"><\/div><h2 class=\"blog-shortcode-post-title entry-title\"><a href=\"https:\/\/liceofrancestenerife.es\/fr\/mois-mars-des-mgs-c-2017\/\">Mois de Mars des MGS C 2017<\/a><\/h2><p class=\"fusion-single-line-meta\">By <span class=\"vcard\"><span class=\"fn\"><a href=\"https:\/\/liceofrancestenerife.es\/fr\/author\/valeriandesmurs\/\" title=\"Articles par ValerianDesmurs\" rel=\"author\">ValerianDesmurs<\/a><\/span><\/span><span class=\"fusion-inline-sep\">|<\/span><span class=\"updated\" style=\"display:none;\">2017-04-23T11:26:59+01:00<\/span><span>Avr 23, 2017<\/span><span class=\"fusion-inline-sep\">|<\/span>Categories: <a href=\"https:\/\/liceofrancestenerife.es\/fr\/category\/maternelle\/\" rel=\"category tag\">Maternelle<\/a>, <a href=\"https:\/\/liceofrancestenerife.es\/fr\/category\/maternelle\/msgs-c-fr\/\" rel=\"category tag\">MS\/GS C<\/a>, <a href=\"https:\/\/liceofrancestenerife.es\/fr\/category\/prive\/\" rel=\"category tag\">priv\u00e9<\/a>, <a href=\"https:\/\/liceofrancestenerife.es\/fr\/category\/stade-resumes-maternalle\/\" rel=\"category tag\">Stade R\u00e9sum\u00e9s Maternalle<\/a><span class=\"fusion-inline-sep\">|<\/span><\/p><div class=\"fusion-content-sep sep-double sep-solid\" style=\"border-color:#ebeaea;\"><\/div><div class=\"fusion-post-content-container\"><p>Durant le mois de Mars,   Pour terminer notre travail sur la musique et les instruments en particulier, nous avons re\u00e7u la visite de la maman de Carla accompagn\u00e9e par la maman de Raquel [...]<\/p><\/div><\/div><div class=\"fusion-meta-info\"><div class=\"fusion-alignleft\"><a class=\"fusion-read-more\" href=\"https:\/\/liceofrancestenerife.es\/fr\/mois-mars-des-mgs-c-2017\/\" aria-label=\"More on Mois de Mars des MGS C 2017\">Read More<\/a><\/div><div class=\"fusion-alignright\"><span>Commentaires ferm\u00e9s<span class=\"screen-reader-text\"> sur Mois de Mars des MGS C 2017<\/span><\/span><\/div><\/div><\/div><div class=\"fusion-clearfix\"><\/div><\/div>\n<\/article>\n<\/div><\/div><\/div><div class=\"pagination clearfix\"><span class=\"current\">1<\/span><a href=\"https:\/\/liceofrancestenerife.es\/fr\/wp-json\/wp\/v2\/pages\/15456\/page\/2\/\" class=\"inactive\">2<\/a><a class=\"pagination-next\" rel=\"next\" href=\"https:\/\/liceofrancestenerife.es\/fr\/wp-json\/wp\/v2\/pages\/15456\/page\/2\/\"><span class=\"page-text\">Prochaine<\/span><span class=\"page-next\"><\/span><\/a><\/div><div class=\"fusion-clearfix\"><\/div><\/div><div class=\"fusion-clearfix\"><\/div><\/div><\/div><\/div><\/div>\n","protected":false},"excerpt":{"rendered":"","protected":false},"author":1,"featured_media":0,"parent":10802,"menu_order":0,"comment_status":"closed","ping_status":"closed","template":"","meta":{"footnotes":""},"class_list":["post-15456","page","type-page","status-publish","hentry"],"_links":{"self":[{"href":"https:\/\/liceofrancestenerife.es\/fr\/wp-json\/wp\/v2\/pages\/15456","targetHints":{"allow":["GET"]}}],"collection":[{"href":"https:\/\/liceofrancestenerife.es\/fr\/wp-json\/wp\/v2\/pages"}],"about":[{"href":"https:\/\/liceofrancestenerife.es\/fr\/wp-json\/wp\/v2\/types\/page"}],"author":[{"embeddable":true,"href":"https:\/\/liceofrancestenerife.es\/fr\/wp-json\/wp\/v2\/users\/1"}],"replies":[{"embeddable":true,"href":"https:\/\/liceofrancestenerife.es\/fr\/wp-json\/wp\/v2\/comments?post=15456"}],"version-history":[{"count":0,"href":"https:\/\/liceofrancestenerife.es\/fr\/wp-json\/wp\/v2\/pages\/15456\/revisions"}],"up":[{"embeddable":true,"href":"https:\/\/liceofrancestenerife.es\/fr\/wp-json\/wp\/v2\/pages\/10802"}],"wp:attachment":[{"href":"https:\/\/liceofrancestenerife.es\/fr\/wp-json\/wp\/v2\/media?parent=15456"}],"curies":[{"name":"wp","href":"https:\/\/api.w.org\/{rel}","templated":true}]}}